{"id":2709,"date":"2026-01-21T14:28:22","date_gmt":"2026-01-21T14:28:22","guid":{"rendered":"https:\/\/montedoserrinho.com\/our-venue\/"},"modified":"2026-02-27T10:53:35","modified_gmt":"2026-02-27T10:53:35","slug":"our-venue","status":"publish","type":"page","link":"https:\/\/montedoserrinho.com\/pt-pt\/our-venue\/","title":{"rendered":"A Quinta | Espa\u00e7o para Casamentos no Algarve"},"content":{"rendered":"\t\t<div data-elementor-type=\"wp-page\" data-elementor-id=\"2709\" class=\"elementor elementor-2709 elementor-341\">\n\t\t\t\t<div class=\"wd-negative-gap elementor-element elementor-element-26a51c83 wd-section-stretch-content e-flex e-con-boxed e-con e-parent\" data-id=\"26a51c83\" data-element_type=\"container\" data-e-type=\"container\" data-settings=\"{&quot;background_background&quot;:&quot;classic&quot;}\">\n\t\t\t\t\t<div class=\"e-con-inner\">\n\t\t\t\t\t<\/div>\n\t\t\t\t<\/div>\n\t\t<div class=\"wd-negative-gap elementor-element elementor-element-74e69bd e-flex e-con-boxed e-con e-parent\" data-id=\"74e69bd\" data-element_type=\"container\" data-e-type=\"container\">\n\t\t\t\t\t<div class=\"e-con-inner\">\n\t\t\t\t<div class=\"elementor-element elementor-element-70532c9f elementor-widget elementor-widget-heading\" data-id=\"70532c9f\" data-element_type=\"widget\" data-e-type=\"widget\" data-widget_type=\"heading.default\">\n\t\t\t\t\t<h1 class=\"elementor-heading-title elementor-size-default\">O Nosso Espa\u00e7o para <span style=\"color: #CFBFB0\"> Casamentos<\/span><\/h1>\t\t\t\t<\/div>\n\t\t\t\t<div class=\"elementor-element elementor-element-51f36c46 text-center elementor-hidden-tablet elementor-hidden-mobile color-scheme-inherit elementor-widget elementor-widget-text-editor\" data-id=\"51f36c46\" data-element_type=\"widget\" data-e-type=\"widget\" data-widget_type=\"text-editor.default\">\n\t\t\t\t\t\t\t\t\t<p>O Monte do Serrinho Country House, situado perto da hist\u00f3rica vila de Silves, foi cuidadosamente restaurado no in\u00edcio dos anos 2000, resultando numa propriedade \u00fanica de estilo quinta.<\/p>\t\t\t\t\t\t\t\t<\/div>\n\t\t\t\t<div class=\"elementor-element elementor-element-50bd6fd4 text-center elementor-hidden-desktop color-scheme-inherit elementor-widget elementor-widget-text-editor\" data-id=\"50bd6fd4\" data-element_type=\"widget\" data-e-type=\"widget\" data-widget_type=\"text-editor.default\">\n\t\t\t\t\t\t\t\t\t<p>O Monte do Serrinho Country House, situado perto da hist\u00f3rica vila de Silves, foi cuidadosamente restaurado no in\u00edcio dos anos 2000, resultando numa propriedade \u00fanica de estilo quinta.<\/p>\t\t\t\t\t\t\t\t<\/div>\n\t\t\t\t<div class=\"elementor-element elementor-element-430382da elementor-hidden-tablet elementor-hidden-mobile color-scheme-inherit text-left elementor-widget elementor-widget-text-editor\" data-id=\"430382da\" data-element_type=\"widget\" data-e-type=\"widget\" data-widget_type=\"text-editor.default\">\n\t\t\t\t\t\t\t\t\t<p>Um local pensado para receber casamentos de luxo e celebra\u00e7\u00f5es exclusivas no sul de Portugal.<\/p>\t\t\t\t\t\t\t\t<\/div>\n\t\t\t\t<div class=\"elementor-element elementor-element-48e243f7 elementor-hidden-desktop color-scheme-inherit text-left elementor-widget elementor-widget-text-editor\" data-id=\"48e243f7\" data-element_type=\"widget\" data-e-type=\"widget\" data-widget_type=\"text-editor.default\">\n\t\t\t\t\t\t\t\t\t<p>Um local pensado para receber casamentos de luxo e celebra\u00e7\u00f5es exclusivas no sul de Portugal.<\/p>\t\t\t\t\t\t\t\t<\/div>\n\t\t\t\t\t<\/div>\n\t\t\t\t<\/div>\n\t\t<div class=\"elementor-element elementor-element-35badd66 wd-section-stretch e-flex e-con-boxed e-con e-parent\" data-id=\"35badd66\" data-element_type=\"container\" data-e-type=\"container\">\n\t\t\t\t\t<div class=\"e-con-inner\">\n\t\t<div class=\"elementor-element elementor-element-5fbec009 e-con-full e-flex e-con e-child\" data-id=\"5fbec009\" data-element_type=\"container\" data-e-type=\"container\">\n\t\t\t\t<div class=\"elementor-element elementor-element-1eb16e0f elementor-hidden-mobile elementor-widget elementor-widget-image\" data-id=\"1eb16e0f\" data-element_type=\"widget\" data-e-type=\"widget\" data-widget_type=\"image.default\">\n\t\t\t\t\t\t\t\t\t\t\t\t\t\t\t<img loading=\"lazy\" decoding=\"async\" width=\"403\" height=\"418\" src=\"https:\/\/montedoserrinho.com\/wp-content\/uploads\/2026\/01\/Mask-group-2-1.png\" class=\"attachment-large size-large wp-image-2705\" alt=\"\" srcset=\"https:\/\/montedoserrinho.com\/wp-content\/uploads\/2026\/01\/Mask-group-2-1.png 403w, https:\/\/montedoserrinho.com\/wp-content\/uploads\/2026\/01\/Mask-group-2-1-289x300.png 289w\" sizes=\"auto, (max-width: 403px) 100vw, 403px\" \/>\t\t\t\t\t\t\t\t\t\t\t\t\t\t\t<\/div>\n\t\t\t\t<\/div>\n\t\t<div class=\"elementor-element elementor-element-6e42ce6f e-con-full e-flex e-con e-child\" data-id=\"6e42ce6f\" data-element_type=\"container\" data-e-type=\"container\">\n\t\t\t\t<div class=\"elementor-element elementor-element-1da1438 elementor-hidden-mobile elementor-widget elementor-widget-image\" data-id=\"1da1438\" data-element_type=\"widget\" data-e-type=\"widget\" data-widget_type=\"image.default\">\n\t\t\t\t\t\t\t\t\t\t\t\t\t\t\t<img loading=\"lazy\" decoding=\"async\" width=\"403\" height=\"418\" src=\"https:\/\/montedoserrinho.com\/wp-content\/uploads\/2026\/01\/Mask-group-3-1.png\" class=\"attachment-large size-large wp-image-2706\" alt=\"\" srcset=\"https:\/\/montedoserrinho.com\/wp-content\/uploads\/2026\/01\/Mask-group-3-1.png 403w, https:\/\/montedoserrinho.com\/wp-content\/uploads\/2026\/01\/Mask-group-3-1-289x300.png 289w\" sizes=\"auto, (max-width: 403px) 100vw, 403px\" \/>\t\t\t\t\t\t\t\t\t\t\t\t\t\t\t<\/div>\n\t\t\t\t<\/div>\n\t\t<div class=\"elementor-element elementor-element-1dcc1347 e-con-full e-flex e-con e-child\" data-id=\"1dcc1347\" data-element_type=\"container\" data-e-type=\"container\">\n\t\t\t\t<div class=\"elementor-element elementor-element-75f7678e elementor-widget elementor-widget-image\" data-id=\"75f7678e\" data-element_type=\"widget\" data-e-type=\"widget\" data-widget_type=\"image.default\">\n\t\t\t\t\t\t\t\t\t\t\t\t\t\t\t<img loading=\"lazy\" decoding=\"async\" width=\"403\" height=\"418\" src=\"https:\/\/montedoserrinho.com\/wp-content\/uploads\/2026\/01\/Mask-group-4-1.png\" class=\"attachment-large size-large wp-image-2707\" alt=\"\" srcset=\"https:\/\/montedoserrinho.com\/wp-content\/uploads\/2026\/01\/Mask-group-4-1.png 403w, https:\/\/montedoserrinho.com\/wp-content\/uploads\/2026\/01\/Mask-group-4-1-289x300.png 289w\" sizes=\"auto, (max-width: 403px) 100vw, 403px\" \/>\t\t\t\t\t\t\t\t\t\t\t\t\t\t\t<\/div>\n\t\t\t\t<\/div>\n\t\t\t\t\t<\/div>\n\t\t\t\t<\/div>\n\t\t<div class=\"wd-negative-gap elementor-element elementor-element-49ecbb46 e-flex e-con-boxed e-con e-parent\" data-id=\"49ecbb46\" data-element_type=\"container\" data-e-type=\"container\" id=\"garden\">\n\t\t\t\t\t<div class=\"e-con-inner\">\n\t\t\t\t<div class=\"elementor-element elementor-element-54ccd013 color-scheme-inherit text-left elementor-widget elementor-widget-text-editor\" data-id=\"54ccd013\" data-element_type=\"widget\" data-e-type=\"widget\" data-widget_type=\"text-editor.default\">\n\t\t\t\t\t\t\t\t\t<p>Saiba mais sobre o MONTE DO SERRINHO<\/p>\t\t\t\t\t\t\t\t<\/div>\n\t\t\t\t<div class=\"elementor-element elementor-element-7ef1f52f elementor-widget elementor-widget-slider_revolution\" data-id=\"7ef1f52f\" data-element_type=\"widget\" data-e-type=\"widget\" data-widget_type=\"slider_revolution.default\">\n\t\t\t\t\t\n\t\t<div class=\"wp-block-themepunch-revslider\">\n\t\t\t\t<p class=\"rs-p-wp-fix\"><\/p>\n\t\t\t\t<sr7-module data-alias=\"garden-11\" data-id=\"12\" id=\"SR7_12_1\" class=\"rs-ov-hidden\" data-version=\"6.7.41\">\n\t\t\t\t\t<sr7-adjuster><\/sr7-adjuster>\n\t\t\t\t\t<sr7-content>\n\t\t\t\t\t\t<sr7-slide id=\"SR7_12_1-197\" data-key=\"197\">\n\t\t\t\t\t\t\t<sr7-bg id=\"SR7_12_1-197-15\" class=\"sr7-layer\"><noscript><img decoding=\"async\" src=\"https:\/\/montedoserrinho.propostas.pt\/wp-content\/uploads\/2026\/01\/Alison-Cathal-by-Side-by-Side-30-2-1.png\" alt=\"\" title=\"Alison &#038; Cathal by Side by Side (30) (2) (1)\"><\/noscript><\/sr7-bg>\n\t\t\t\t\t\t\t<sr7-txt id=\"SR7_12_1-197-0\" class=\"sr7-layer\">O Jardim<\/sr7-txt>\n\t\t\t\t\t\t\t<sr7-txt id=\"SR7_12_1-197-2\" class=\"sr7-layer\">Um espa\u00e7o exterior encantador, rodeado pela natureza, ideal para cerim\u00f3nias ao ar livre e rece\u00e7\u00f5es inesquec\u00edveis.<br \/>\n<\/sr7-txt>\n\t\t\t\t\t\t<\/sr7-slide>\n\t\t\t\t\t\t<sr7-slide id=\"SR7_12_1-198\" data-key=\"198\">\n\t\t\t\t\t\t\t<sr7-bg id=\"SR7_12_1-198-15\" class=\"sr7-layer\"><noscript><img decoding=\"async\" src=\"https:\/\/montedoserrinho.propostas.pt\/wp-content\/uploads\/2026\/01\/AmoremioWeddingPhotography_MDSerrinho_108-1-1.png\" alt=\"\" title=\"AmoremioWeddingPhotography_MDSerrinho_108-1\"><\/noscript><\/sr7-bg>\n\t\t\t\t\t\t\t<sr7-txt id=\"SR7_12_1-198-0\" class=\"sr7-layer\">O Jardim<\/sr7-txt>\n\t\t\t\t\t\t\t<sr7-txt id=\"SR7_12_1-198-2\" class=\"sr7-layer\">Um espa\u00e7o exterior encantador, rodeado pela natureza, ideal para cerim\u00f3nias ao ar livre e rece\u00e7\u00f5es inesquec\u00edveis.<br \/>\n<\/sr7-txt>\n\t\t\t\t\t\t<\/sr7-slide>\n\t\t\t\t\t\t<sr7-slide id=\"SR7_12_1-199\" data-key=\"199\">\n\t\t\t\t\t\t\t<sr7-bg id=\"SR7_12_1-199-15\" class=\"sr7-layer\"><noscript><img decoding=\"async\" src=\"https:\/\/montedoserrinho.propostas.pt\/wp-content\/uploads\/2026\/01\/Emily-Jamie-by-Luis-Jorge-49-1-1.png\" alt=\"\" title=\"Emily-Jamie-by-Luis-Jorge-49-1\"><\/noscript><\/sr7-bg>\n\t\t\t\t\t\t\t<sr7-txt id=\"SR7_12_1-199-0\" class=\"sr7-layer\">O Jardim<\/sr7-txt>\n\t\t\t\t\t\t\t<sr7-txt id=\"SR7_12_1-199-2\" class=\"sr7-layer\">Um espa\u00e7o exterior encantador, rodeado pela natureza, ideal para cerim\u00f3nias ao ar livre e rece\u00e7\u00f5es inesquec\u00edveis.<br \/>\n<\/sr7-txt>\n\t\t\t\t\t\t<\/sr7-slide>\n\t\t\t\t\t\t<sr7-slide id=\"SR7_12_1-200\" data-key=\"200\">\n\t\t\t\t\t\t\t<sr7-bg id=\"SR7_12_1-200-15\" class=\"sr7-layer\"><noscript><img decoding=\"async\" src=\"https:\/\/montedoserrinho.propostas.pt\/wp-content\/uploads\/2026\/01\/Francesca-Lewis-by-JJMT-Photography-30-1-1-1.png\" alt=\"\" title=\"Francesca-Lewis-by-JJMT-Photography-30-1-1\"><\/noscript><\/sr7-bg>\n\t\t\t\t\t\t\t<sr7-txt id=\"SR7_12_1-200-0\" class=\"sr7-layer\">O Jardim<\/sr7-txt>\n\t\t\t\t\t\t\t<sr7-txt id=\"SR7_12_1-200-2\" class=\"sr7-layer\">Um espa\u00e7o exterior encantador, rodeado pela natureza, ideal para cerim\u00f3nias ao ar livre e rece\u00e7\u00f5es inesquec\u00edveis.<br \/>\n<\/sr7-txt>\n\t\t\t\t\t\t<\/sr7-slide>\n\t\t\t\t\t\t<sr7-slide id=\"SR7_12_1-201\" data-key=\"201\">\n\t\t\t\t\t\t\t<sr7-bg id=\"SR7_12_1-201-15\" class=\"sr7-layer\"><noscript><img decoding=\"async\" src=\"https:\/\/montedoserrinho.propostas.pt\/wp-content\/uploads\/2026\/01\/Jean-Anne-Matthew-by-Its-All-About-55-1-1.png\" alt=\"\" title=\"Jean-Anne-Matthew-by-Its-All-About-55-1\"><\/noscript><\/sr7-bg>\n\t\t\t\t\t\t\t<sr7-txt id=\"SR7_12_1-201-0\" class=\"sr7-layer\">O Jardim<\/sr7-txt>\n\t\t\t\t\t\t\t<sr7-txt id=\"SR7_12_1-201-2\" class=\"sr7-layer\">Um espa\u00e7o exterior encantador, rodeado pela natureza, ideal para cerim\u00f3nias ao ar livre e rece\u00e7\u00f5es inesquec\u00edveis.<br \/>\n<\/sr7-txt>\n\t\t\t\t\t\t<\/sr7-slide>\n\t\t\t\t\t\t<sr7-slide id=\"SR7_12_1-202\" data-key=\"202\">\n\t\t\t\t\t\t\t<sr7-bg id=\"SR7_12_1-202-15\" class=\"sr7-layer\"><noscript><img decoding=\"async\" src=\"https:\/\/montedoserrinho.propostas.pt\/wp-content\/uploads\/2026\/01\/Georgia-Jack-by-Amore-Mio-1-1-2.png\" alt=\"\" title=\"Georgia-Jack-by-Amore-Mio-1-1\"><\/noscript><\/sr7-bg>\n\t\t\t\t\t\t\t<sr7-txt id=\"SR7_12_1-202-0\" class=\"sr7-layer\">O Jardim<\/sr7-txt>\n\t\t\t\t\t\t\t<sr7-txt id=\"SR7_12_1-202-2\" class=\"sr7-layer\">Um espa\u00e7o exterior encantador, rodeado pela natureza, ideal para cerim\u00f3nias ao ar livre e rece\u00e7\u00f5es inesquec\u00edveis.<br \/>\n<\/sr7-txt>\n\t\t\t\t\t\t<\/sr7-slide>\n\t\t\t\t\t\t<sr7-slide id=\"SR7_12_1-203\" data-key=\"203\">\n\t\t\t\t\t\t\t<sr7-bg id=\"SR7_12_1-203-15\" class=\"sr7-layer\"><noscript><img decoding=\"async\" src=\"https:\/\/montedoserrinho.propostas.pt\/wp-content\/uploads\/2026\/01\/Lydia-Stewart-by-Louise-Golding-27-1-1-1.png\" alt=\"\" title=\"Lydia-Stewart-by-Louise-Golding-27-1-1\"><\/noscript><\/sr7-bg>\n\t\t\t\t\t\t\t<sr7-txt id=\"SR7_12_1-203-0\" class=\"sr7-layer\">O Jardim<\/sr7-txt>\n\t\t\t\t\t\t\t<sr7-txt id=\"SR7_12_1-203-2\" class=\"sr7-layer\">Um espa\u00e7o exterior encantador, rodeado pela natureza, ideal para cerim\u00f3nias ao ar livre e rece\u00e7\u00f5es inesquec\u00edveis.<br \/>\n<\/sr7-txt>\n\t\t\t\t\t\t<\/sr7-slide>\n\t\t\t\t\t\t<sr7-slide id=\"SR7_12_1-204\" data-key=\"204\">\n\t\t\t\t\t\t\t<sr7-bg id=\"SR7_12_1-204-15\" class=\"sr7-layer\"><noscript><img decoding=\"async\" src=\"https:\/\/montedoserrinho.propostas.pt\/wp-content\/uploads\/2026\/01\/Lydia-Stewart-by-Louise-Golding-27-1-1-1.png\" alt=\"\" title=\"Lydia-Stewart-by-Louise-Golding-27-1-1\"><\/noscript><\/sr7-bg>\n\t\t\t\t\t\t\t<sr7-txt id=\"SR7_12_1-204-0\" class=\"sr7-layer\">O Jardim<\/sr7-txt>\n\t\t\t\t\t\t\t<sr7-txt id=\"SR7_12_1-204-2\" class=\"sr7-layer\">Um espa\u00e7o exterior encantador, rodeado pela natureza, ideal para cerim\u00f3nias ao ar livre e rece\u00e7\u00f5es inesquec\u00edveis.<br \/>\n<\/sr7-txt>\n\t\t\t\t\t\t<\/sr7-slide>\n\t\t\t\t\t\t<sr7-slide id=\"SR7_12_1-205\" data-key=\"205\">\n\t\t\t\t\t\t\t<sr7-bg id=\"SR7_12_1-205-15\" class=\"sr7-layer\"><noscript><img decoding=\"async\" src=\"https:\/\/montedoserrinho.propostas.pt\/wp-content\/uploads\/2026\/01\/Pammy-Ian-by-Side-by-Side-20-1-1.png\" alt=\"\" title=\"Pammy-Ian-by-Side-by-Side-20-1\"><\/noscript><\/sr7-bg>\n\t\t\t\t\t\t\t<sr7-txt id=\"SR7_12_1-205-0\" class=\"sr7-layer\">O Jardim<\/sr7-txt>\n\t\t\t\t\t\t\t<sr7-txt id=\"SR7_12_1-205-2\" class=\"sr7-layer\">Um espa\u00e7o exterior encantador, rodeado pela natureza, ideal para cerim\u00f3nias ao ar livre e rece\u00e7\u00f5es inesquec\u00edveis.<br \/>\n<\/sr7-txt>\n\t\t\t\t\t\t<\/sr7-slide>\n\t\t\t\t\t\t<sr7-slide id=\"SR7_12_1-206\" data-key=\"206\">\n\t\t\t\t\t\t\t<sr7-bg id=\"SR7_12_1-206-15\" class=\"sr7-layer\"><noscript><img decoding=\"async\" src=\"https:\/\/montedoserrinho.propostas.pt\/wp-content\/uploads\/2026\/01\/Shannon-Jack-by-Charlotte-Jane-57-1-1.png\" alt=\"\" title=\"Shannon-Jack-by-Charlotte-Jane-57-1\"><\/noscript><\/sr7-bg>\n\t\t\t\t\t\t\t<sr7-txt id=\"SR7_12_1-206-0\" class=\"sr7-layer\">O Jardim<\/sr7-txt>\n\t\t\t\t\t\t\t<sr7-txt id=\"SR7_12_1-206-2\" class=\"sr7-layer\">Um espa\u00e7o exterior encantador, rodeado pela natureza, ideal para cerim\u00f3nias ao ar livre e rece\u00e7\u00f5es inesquec\u00edveis.<br \/>\n<\/sr7-txt>\n\t\t\t\t\t\t<\/sr7-slide>\n\t\t\t\t\t\t<sr7-slide id=\"SR7_12_1-207\" data-key=\"207\">\n\t\t\t\t\t\t\t<sr7-bg id=\"SR7_12_1-207-15\" class=\"sr7-layer\"><noscript><img decoding=\"async\" src=\"https:\/\/montedoserrinho.propostas.pt\/wp-content\/uploads\/2026\/01\/Rebecca-Jack-by-Charlotte-Jane-48-1-2.png\" alt=\"\" title=\"Rebecca &#038; Jack by Charlotte Jane (48) 1 (2)\"><\/noscript><\/sr7-bg>\n\t\t\t\t\t\t\t<sr7-txt id=\"SR7_12_1-207-0\" class=\"sr7-layer\">O Jardim<\/sr7-txt>\n\t\t\t\t\t\t\t<sr7-txt id=\"SR7_12_1-207-2\" class=\"sr7-layer\">Um espa\u00e7o exterior encantador, rodeado pela natureza, ideal para cerim\u00f3nias ao ar livre e rece\u00e7\u00f5es inesquec\u00edveis.<br \/>\n<\/sr7-txt>\n\t\t\t\t\t\t<\/sr7-slide>\n\t\t\t\t\t\t<sr7-slide id=\"SR7_12_1-208\" data-key=\"208\">\n\t\t\t\t\t\t\t<sr7-bg id=\"SR7_12_1-208-15\" class=\"sr7-layer\"><noscript><img decoding=\"async\" src=\"https:\/\/montedoserrinho.propostas.pt\/wp-content\/uploads\/2026\/01\/Tracy-Shane-by-Luis-Jorge-MDS-AWP-21-1-1.png\" alt=\"\" title=\"Tracy &#038; Shane by Lui\u0301s Jorge MDS &#8211; AWP (21) 1 (1)\"><\/noscript><\/sr7-bg>\n\t\t\t\t\t\t\t<sr7-txt id=\"SR7_12_1-208-0\" class=\"sr7-layer\">O Jardim<\/sr7-txt>\n\t\t\t\t\t\t\t<sr7-txt id=\"SR7_12_1-208-2\" class=\"sr7-layer\">Um espa\u00e7o exterior encantador, rodeado pela natureza, ideal para cerim\u00f3nias ao ar livre e rece\u00e7\u00f5es inesquec\u00edveis.<br \/>\n<\/sr7-txt>\n\t\t\t\t\t\t<\/sr7-slide>\n\t\t\t\t\t\t<sr7-slide id=\"SR7_12_1-209\" data-key=\"209\">\n\t\t\t\t\t\t<\/sr7-slide>\n\t\t\t\t\t<\/sr7-content>\n\t\t\t\t\t<image_lists style=\"display:none\">\n\t\t\t\t\t\t<img data-src=\"\/\/montedoserrinho.propostas.pt\/wp-content\/uploads\/2026\/01\/Frame-10.png\" data-libid=\"161\" data-lib=\"medialibrary\" title=\"Frame 10\" width=\"0\" height=\"0\" data-dbsrc=\"Ly9tb250ZWRvc2VycmluaG8ucHJvcG9zdGFzLnB0L3dwLWNvbnRlbnQvdXBsb2Fkcy8yMDI2LzAxL0ZyYW1lLTEwLnBuZw==\"\/>\n\t\t\t\t\t\t<img data-src=\"\/\/montedoserrinho.propostas.pt\/wp-content\/uploads\/2026\/01\/Frame-9.png\" data-libid=\"160\" data-lib=\"medialibrary\" title=\"Frame 9\" width=\"0\" height=\"0\" data-dbsrc=\"Ly9tb250ZWRvc2VycmluaG8ucHJvcG9zdGFzLnB0L3dwLWNvbnRlbnQvdXBsb2Fkcy8yMDI2LzAxL0ZyYW1lLTkucG5n\"\/>\n\t\t\t\t\t\t<img data-src=\"\/\/montedoserrinho.propostas.pt\/wp-content\/uploads\/2026\/01\/Alison-Cathal-by-Side-by-Side-30-2-1.png\" data-libid=\"172\" data-lib=\"medialibrary\" title=\"Alison &#038; Cathal by Side by Side (30) (2) (1)\" width=\"0\" height=\"0\" data-dbsrc=\"Ly9tb250ZWRvc2VycmluaG8ucHJvcG9zdGFzLnB0L3dwLWNvbnRlbnQvdXBsb2Fkcy8yMDI2LzAxL0FsaXNvbi1DYXRoYWwtYnktU2lkZS1ieS1TaWRlLTMwLTItMS5wbmc=\"\/>\n\t\t\t\t\t\t<img data-src=\"\/\/montedoserrinho.propostas.pt\/wp-content\/uploads\/2026\/01\/AmoremioWeddingPhotography_MDSerrinho_108-1-1.png\" data-libid=\"173\" data-lib=\"medialibrary\" title=\"AmoremioWeddingPhotography_MDSerrinho_108-1\" width=\"0\" height=\"0\" data-dbsrc=\"Ly9tb250ZWRvc2VycmluaG8ucHJvcG9zdGFzLnB0L3dwLWNvbnRlbnQvdXBsb2Fkcy8yMDI2LzAxL0Ftb3JlbWlvV2VkZGluZ1Bob3RvZ3JhcGh5X01EU2VycmluaG9fMTA4LTEtMS5wbmc=\"\/>\n\t\t\t\t\t\t<img data-src=\"\/\/montedoserrinho.propostas.pt\/wp-content\/uploads\/2026\/01\/Emily-Jamie-by-Luis-Jorge-49-1-1.png\" data-libid=\"174\" data-lib=\"medialibrary\" title=\"Emily-Jamie-by-Luis-Jorge-49-1\" width=\"0\" height=\"0\" data-dbsrc=\"Ly9tb250ZWRvc2VycmluaG8ucHJvcG9zdGFzLnB0L3dwLWNvbnRlbnQvdXBsb2Fkcy8yMDI2LzAxL0VtaWx5LUphbWllLWJ5LUx1aXMtSm9yZ2UtNDktMS0xLnBuZw==\"\/>\n\t\t\t\t\t\t<img data-src=\"\/\/montedoserrinho.propostas.pt\/wp-content\/uploads\/2026\/01\/Francesca-Lewis-by-JJMT-Photography-30-1-1-1.png\" data-libid=\"175\" data-lib=\"medialibrary\" title=\"Francesca-Lewis-by-JJMT-Photography-30-1-1\" width=\"0\" height=\"0\" data-dbsrc=\"Ly9tb250ZWRvc2VycmluaG8ucHJvcG9zdGFzLnB0L3dwLWNvbnRlbnQvdXBsb2Fkcy8yMDI2LzAxL0ZyYW5jZXNjYS1MZXdpcy1ieS1KSk1ULVBob3RvZ3JhcGh5LTMwLTEtMS0xLnBuZw==\"\/>\n\t\t\t\t\t\t<img data-src=\"\/\/montedoserrinho.propostas.pt\/wp-content\/uploads\/2026\/01\/Jean-Anne-Matthew-by-Its-All-About-55-1-1.png\" data-libid=\"176\" data-lib=\"medialibrary\" title=\"Jean-Anne-Matthew-by-Its-All-About-55-1\" width=\"0\" height=\"0\" data-dbsrc=\"Ly9tb250ZWRvc2VycmluaG8ucHJvcG9zdGFzLnB0L3dwLWNvbnRlbnQvdXBsb2Fkcy8yMDI2LzAxL0plYW4tQW5uZS1NYXR0aGV3LWJ5LUl0cy1BbGwtQWJvdXQtNTUtMS0xLnBuZw==\"\/>\n\t\t\t\t\t\t<img data-src=\"\/\/montedoserrinho.propostas.pt\/wp-content\/uploads\/2026\/01\/Georgia-Jack-by-Amore-Mio-1-1-2.png\" data-libid=\"177\" data-lib=\"medialibrary\" title=\"Georgia-Jack-by-Amore-Mio-1-1\" width=\"0\" height=\"0\" data-dbsrc=\"Ly9tb250ZWRvc2VycmluaG8ucHJvcG9zdGFzLnB0L3dwLWNvbnRlbnQvdXBsb2Fkcy8yMDI2LzAxL0dlb3JnaWEtSmFjay1ieS1BbW9yZS1NaW8tMS0xLTIucG5n\"\/>\n\t\t\t\t\t\t<img data-src=\"\/\/montedoserrinho.propostas.pt\/wp-content\/uploads\/2026\/01\/Lydia-Stewart-by-Louise-Golding-27-1-1-1.png\" data-libid=\"178\" data-lib=\"medialibrary\" title=\"Lydia-Stewart-by-Louise-Golding-27-1-1\" width=\"0\" height=\"0\" data-dbsrc=\"Ly9tb250ZWRvc2VycmluaG8ucHJvcG9zdGFzLnB0L3dwLWNvbnRlbnQvdXBsb2Fkcy8yMDI2LzAxL0x5ZGlhLVN0ZXdhcnQtYnktTG91aXNlLUdvbGRpbmctMjctMS0xLTEucG5n\"\/>\n\t\t\t\t\t\t<img data-src=\"\/\/montedoserrinho.propostas.pt\/wp-content\/uploads\/2026\/01\/Pammy-Ian-by-Side-by-Side-20-1-1.png\" data-libid=\"179\" data-lib=\"medialibrary\" title=\"Pammy-Ian-by-Side-by-Side-20-1\" width=\"0\" height=\"0\" data-dbsrc=\"Ly9tb250ZWRvc2VycmluaG8ucHJvcG9zdGFzLnB0L3dwLWNvbnRlbnQvdXBsb2Fkcy8yMDI2LzAxL1BhbW15LUlhbi1ieS1TaWRlLWJ5LVNpZGUtMjAtMS0xLnBuZw==\"\/>\n\t\t\t\t\t\t<img data-src=\"\/\/montedoserrinho.propostas.pt\/wp-content\/uploads\/2026\/01\/Shannon-Jack-by-Charlotte-Jane-57-1-1.png\" data-libid=\"180\" data-lib=\"medialibrary\" title=\"Shannon-Jack-by-Charlotte-Jane-57-1\" width=\"0\" height=\"0\" data-dbsrc=\"Ly9tb250ZWRvc2VycmluaG8ucHJvcG9zdGFzLnB0L3dwLWNvbnRlbnQvdXBsb2Fkcy8yMDI2LzAxL1NoYW5ub24tSmFjay1ieS1DaGFybG90dGUtSmFuZS01Ny0xLTEucG5n\"\/>\n\t\t\t\t\t\t<img data-src=\"\/\/montedoserrinho.propostas.pt\/wp-content\/uploads\/2026\/01\/Rebecca-Jack-by-Charlotte-Jane-48-1-2.png\" data-libid=\"181\" data-lib=\"medialibrary\" title=\"Rebecca &#038; Jack by Charlotte Jane (48) 1 (2)\" width=\"0\" height=\"0\" data-dbsrc=\"Ly9tb250ZWRvc2VycmluaG8ucHJvcG9zdGFzLnB0L3dwLWNvbnRlbnQvdXBsb2Fkcy8yMDI2LzAxL1JlYmVjY2EtSmFjay1ieS1DaGFybG90dGUtSmFuZS00OC0xLTIucG5n\"\/>\n\t\t\t\t\t\t<img data-src=\"\/\/montedoserrinho.propostas.pt\/wp-content\/uploads\/2026\/01\/Tracy-Shane-by-Luis-Jorge-MDS-AWP-21-1-1.png\" data-libid=\"182\" data-lib=\"medialibrary\" title=\"Tracy &#038; Shane by Lui\u0301s Jorge MDS &#8211; AWP (21) 1 (1)\" width=\"0\" height=\"0\" data-dbsrc=\"Ly9tb250ZWRvc2VycmluaG8ucHJvcG9zdGFzLnB0L3dwLWNvbnRlbnQvdXBsb2Fkcy8yMDI2LzAxL1RyYWN5LVNoYW5lLWJ5LUx1aXMtSm9yZ2UtTURTLUFXUC0yMS0xLTEucG5n\"\/>\n\t\t\t\t\t<\/image_lists>\n\t\t\t\t<\/sr7-module>\n\t\t\t\t<script>\n\t\t\t\t\tSR7.PMH ??={}; SR7.PMH[\"SR7_12_1\"] = {cn:100,state:false,fn: function() { if (_tpt!==undefined && _tpt.prepareModuleHeight !== undefined) {  _tpt.prepareModuleHeight({id:\"SR7_12_1\",el:[620,620,620,620,720],type:'standard',shdw:'0',gh:[620,620,620,620,720],gw:[1240,1240,1240,1240,480],vpt:['-100px&#039;,&#039;-100px&#039;,&#039;-100px&#039;,&#039;-100px&#039;,&#039;-100px'],size:{fullWidth:true, fullHeight:false},mh:'0',onh:0,onw:0,bg:{color:'{\"orig\":\"transparent\",\"type\":\"solid\",\"string\":\"transparent\"}'}});   SR7.PMH[\"SR7_12_1\"].state=true;} else if(SR7.PMH[\"SR7_12_1\"].cn-->0)\tsetTimeout( SR7.PMH[\"SR7_12_1\"].fn,19);}};SR7.PMH[\"SR7_12_1\" ].fn();\n\t\t\t\t<\/script>\n<\/div>\n\n\t\t\t\t\t\t<\/div>\n\t\t\t\t\t<\/div>\n\t\t\t\t<\/div>\n\t\t<div class=\"wd-negative-gap elementor-element elementor-element-2aab2606 e-flex e-con-boxed e-con e-parent\" data-id=\"2aab2606\" data-element_type=\"container\" data-e-type=\"container\" id=\"eira\">\n\t\t\t\t\t<div class=\"e-con-inner\">\n\t\t\t\t<div class=\"elementor-element elementor-element-14b04317 wd-width-100 elementor-widget elementor-widget-wd_images_gallery\" data-id=\"14b04317\" data-element_type=\"widget\" data-e-type=\"widget\" data-widget_type=\"wd_images_gallery.default\">\n\t\t\t\t<div class=\"elementor-widget-container\">\n\t\t\t\t\t\t\t<div class=\"wd-images-gallery photoswipe-images wd-carousel-container\" style=\"--wd-align-items:center; --wd-justify-content:center;\">\n\t\t\t\t\t\t\t<div class=\"wd-carousel-inner\">\n\t\t\t\t\t\t<div class=\"wd-carousel wd-grid\" data-speed=\"5000\" data-wrap=\"yes\" data-autoplay=\"yes\" data-autoheight=\"yes\" data-scroll_per_page=\"yes\" style=\"--wd-col-lg:3;--wd-col-md:3;--wd-col-sm:1;--wd-gap-lg:0px;\">\n\t\t\t\t\t\t\t\t\t<div class=\"wd-carousel-wrap\">\n\t\t\t\t\t\t\t\t\t\t\t\t\t\t\t\t\t\t<div class=\"wd-gallery-item wd-carousel-item\">\n\t\t\t\t\t\t\t\t\t\t\t\t\t<a  href=\"https:\/\/montedoserrinho.com\/wp-content\/uploads\/2026\/01\/Georgia-Jack-by-Amore-Mio-76.png\" data-width=\"919\" data-height=\"866\" data-index=\"1\" data-elementor-open-lightbox=\"no\">\n\t\t\t\t\t\t\n\t\t\t\t\t\t<img loading=\"lazy\" decoding=\"async\" width=\"500\" height=\"700\" src=\"https:\/\/montedoserrinho.com\/wp-content\/uploads\/2026\/01\/Georgia-Jack-by-Amore-Mio-76-500x700.png\" class=\"attachment-500x700 size-500x700\" alt=\"Georgia &amp; Jack by Amore Mio (76)\" \/>\n\t\t\t\t\t\t\t\t\t\t\t\t\t<\/a>\n\t\t\t\t\t\t\t\t\t\t\t<\/div>\n\t\t\t\t\t\t\t\t\t\t\t\t\t\t\t<div class=\"wd-gallery-item wd-carousel-item\">\n\t\t\t\t\t\t\t\t\t\t\t\t\t<a  href=\"https:\/\/montedoserrinho.com\/wp-content\/uploads\/2026\/01\/Annabel-Adam-by-Charlotte-Jane-33-1.png\" data-width=\"578\" data-height=\"866\" data-index=\"2\" data-elementor-open-lightbox=\"no\">\n\t\t\t\t\t\t\n\t\t\t\t\t\t<img loading=\"lazy\" decoding=\"async\" width=\"500\" height=\"700\" src=\"https:\/\/montedoserrinho.com\/wp-content\/uploads\/2026\/01\/Annabel-Adam-by-Charlotte-Jane-33-1-500x700.png\" class=\"attachment-500x700 size-500x700\" alt=\"Annabel &amp; Adam by Charlotte Jane (33) 1\" \/>\n\t\t\t\t\t\t\t\t\t\t\t\t\t<\/a>\n\t\t\t\t\t\t\t\t\t\t\t<\/div>\n\t\t\t\t\t\t\t\t\t\t\t\t\t\t\t<div class=\"wd-gallery-item wd-carousel-item\">\n\t\t\t\t\t\t\t\t\t\t\t\t\t<a  href=\"https:\/\/montedoserrinho.com\/wp-content\/uploads\/2026\/01\/Annabel-Adam-by-Charlotte-Jane-50.png\" data-width=\"1039\" data-height=\"866\" data-index=\"3\" data-elementor-open-lightbox=\"no\">\n\t\t\t\t\t\t\n\t\t\t\t\t\t<img loading=\"lazy\" decoding=\"async\" width=\"500\" height=\"700\" src=\"https:\/\/montedoserrinho.com\/wp-content\/uploads\/2026\/01\/Annabel-Adam-by-Charlotte-Jane-50-500x700.png\" class=\"attachment-500x700 size-500x700\" alt=\"Annabel &amp; Adam by Charlotte Jane (50)\" \/>\n\t\t\t\t\t\t\t\t\t\t\t\t\t<\/a>\n\t\t\t\t\t\t\t\t\t\t\t<\/div>\n\t\t\t\t\t\t\t\t\t\t\t\t\t\t\t<div class=\"wd-gallery-item wd-carousel-item\">\n\t\t\t\t\t\t\t\t\t\t\t\t\t<a  href=\"https:\/\/montedoserrinho.com\/wp-content\/uploads\/2026\/01\/Annabel-Adam-by-Charlotte-Jane-33-2.png\" data-width=\"789\" data-height=\"1185\" data-index=\"4\" data-elementor-open-lightbox=\"no\">\n\t\t\t\t\t\t\n\t\t\t\t\t\t<img loading=\"lazy\" decoding=\"async\" width=\"500\" height=\"700\" src=\"https:\/\/montedoserrinho.com\/wp-content\/uploads\/2026\/01\/Annabel-Adam-by-Charlotte-Jane-33-2-500x700.png\" class=\"attachment-500x700 size-500x700\" alt=\"Annabel &amp; Adam by Charlotte Jane (33) 2\" \/>\n\t\t\t\t\t\t\t\t\t\t\t\t\t<\/a>\n\t\t\t\t\t\t\t\t\t\t\t<\/div>\n\t\t\t\t\t\t\t\t\t\t\t\t\t\t\t<div class=\"wd-gallery-item wd-carousel-item\">\n\t\t\t\t\t\t\t\t\t\t\t\t\t<a  href=\"https:\/\/montedoserrinho.com\/wp-content\/uploads\/2026\/01\/Rebecca-Jack-by-Charlotte-Jane-54-1.png\" data-width=\"812\" data-height=\"1217\" data-index=\"5\" data-elementor-open-lightbox=\"no\">\n\t\t\t\t\t\t\n\t\t\t\t\t\t<img loading=\"lazy\" decoding=\"async\" width=\"500\" height=\"700\" src=\"https:\/\/montedoserrinho.com\/wp-content\/uploads\/2026\/01\/Rebecca-Jack-by-Charlotte-Jane-54-1-500x700.png\" class=\"attachment-500x700 size-500x700\" alt=\"Rebecca &amp; Jack by Charlotte Jane (54) 1\" \/>\n\t\t\t\t\t\t\t\t\t\t\t\t\t<\/a>\n\t\t\t\t\t\t\t\t\t\t\t<\/div>\n\t\t\t\t\t\t\t\t\t\t\t\t\t\t\t<div class=\"wd-gallery-item wd-carousel-item\">\n\t\t\t\t\t\t\t\t\t\t\t\t\t<a  href=\"https:\/\/montedoserrinho.com\/wp-content\/uploads\/2026\/01\/Rebecca-Jack-by-Charlotte-Jane-22-1.png\" data-width=\"859\" data-height=\"1185\" data-index=\"6\" data-elementor-open-lightbox=\"no\">\n\t\t\t\t\t\t\n\t\t\t\t\t\t<img loading=\"lazy\" decoding=\"async\" width=\"500\" height=\"700\" src=\"https:\/\/montedoserrinho.com\/wp-content\/uploads\/2026\/01\/Rebecca-Jack-by-Charlotte-Jane-22-1-500x700.png\" class=\"attachment-500x700 size-500x700\" alt=\"Rebecca &amp; Jack by Charlotte Jane (22) 1\" \/>\n\t\t\t\t\t\t\t\t\t\t\t\t\t<\/a>\n\t\t\t\t\t\t\t\t\t\t\t<\/div>\n\t\t\t\t\t\t\t\t\t\t\t\t\t\t\t<div class=\"wd-gallery-item wd-carousel-item\">\n\t\t\t\t\t\t\t\t\t\t\t\t\t<a  href=\"https:\/\/montedoserrinho.com\/wp-content\/uploads\/2026\/01\/Annabel-Adam-by-Charlotte-Jane-32-1.png\" data-width=\"821\" data-height=\"1234\" data-index=\"7\" data-elementor-open-lightbox=\"no\">\n\t\t\t\t\t\t\n\t\t\t\t\t\t<img loading=\"lazy\" decoding=\"async\" width=\"500\" height=\"700\" src=\"https:\/\/montedoserrinho.com\/wp-content\/uploads\/2026\/01\/Annabel-Adam-by-Charlotte-Jane-32-1-500x700.png\" class=\"attachment-500x700 size-500x700\" alt=\"Annabel &amp; Adam by Charlotte Jane (32) 1\" \/>\n\t\t\t\t\t\t\t\t\t\t\t\t\t<\/a>\n\t\t\t\t\t\t\t\t\t\t\t<\/div>\n\t\t\t\t\t\t\t\t\t\t\t\t\t\t\t<div class=\"wd-gallery-item wd-carousel-item\">\n\t\t\t\t\t\t\t\t\t\t\t\t\t<a  href=\"https:\/\/montedoserrinho.com\/wp-content\/uploads\/2026\/01\/AmoremioWeddingPhotography_MDSerrinho_518-1.png\" data-width=\"822\" data-height=\"1234\" data-index=\"8\" data-elementor-open-lightbox=\"no\">\n\t\t\t\t\t\t\n\t\t\t\t\t\t<img loading=\"lazy\" decoding=\"async\" width=\"500\" height=\"700\" src=\"https:\/\/montedoserrinho.com\/wp-content\/uploads\/2026\/01\/AmoremioWeddingPhotography_MDSerrinho_518-1-500x700.png\" class=\"attachment-500x700 size-500x700\" alt=\"AmoremioWeddingPhotography_MDSerrinho_518 1\" \/>\n\t\t\t\t\t\t\t\t\t\t\t\t\t<\/a>\n\t\t\t\t\t\t\t\t\t\t\t<\/div>\n\t\t\t\t\t\t\t\t\t\t\t\t\t\t\t<div class=\"wd-gallery-item wd-carousel-item\">\n\t\t\t\t\t\t\t\t\t\t\t\t\t<a  href=\"https:\/\/montedoserrinho.com\/wp-content\/uploads\/2026\/01\/Annabel-Adam-by-Charlotte-Jane-11-1.png\" data-width=\"821\" data-height=\"1234\" data-index=\"9\" data-elementor-open-lightbox=\"no\">\n\t\t\t\t\t\t\n\t\t\t\t\t\t<img loading=\"lazy\" decoding=\"async\" width=\"500\" height=\"700\" src=\"https:\/\/montedoserrinho.com\/wp-content\/uploads\/2026\/01\/Annabel-Adam-by-Charlotte-Jane-11-1-500x700.png\" class=\"attachment-500x700 size-500x700\" alt=\"Annabel &amp; Adam by Charlotte Jane (11) 1\" \/>\n\t\t\t\t\t\t\t\t\t\t\t\t\t<\/a>\n\t\t\t\t\t\t\t\t\t\t\t<\/div>\n\t\t\t\t\t\t\t\t\t\t\t\t\t\t\t<div class=\"wd-gallery-item wd-carousel-item\">\n\t\t\t\t\t\t\t\t\t\t\t\t\t<a  href=\"https:\/\/montedoserrinho.com\/wp-content\/uploads\/2026\/01\/Georgia-Jack-by-Amore-Mio-2-1.png\" data-width=\"789\" data-height=\"1183\" data-index=\"10\" data-elementor-open-lightbox=\"no\">\n\t\t\t\t\t\t\n\t\t\t\t\t\t<img loading=\"lazy\" decoding=\"async\" width=\"500\" height=\"700\" src=\"https:\/\/montedoserrinho.com\/wp-content\/uploads\/2026\/01\/Georgia-Jack-by-Amore-Mio-2-1-500x700.png\" class=\"attachment-500x700 size-500x700\" alt=\"Georgia &amp; Jack by Amore Mio (2) 1\" \/>\n\t\t\t\t\t\t\t\t\t\t\t\t\t<\/a>\n\t\t\t\t\t\t\t\t\t\t\t<\/div>\n\t\t\t\t\t\t\t\t\t\t\t\t\t\t\t<div class=\"wd-gallery-item wd-carousel-item\">\n\t\t\t\t\t\t\t\t\t\t\t\t\t<a  href=\"https:\/\/montedoserrinho.com\/wp-content\/uploads\/2026\/01\/Aisling-Stephen-by-Side-by-Side-70-3.png\" data-width=\"816\" data-height=\"1217\" data-index=\"11\" data-elementor-open-lightbox=\"no\">\n\t\t\t\t\t\t\n\t\t\t\t\t\t<img loading=\"lazy\" decoding=\"async\" width=\"500\" height=\"700\" src=\"https:\/\/montedoserrinho.com\/wp-content\/uploads\/2026\/01\/Aisling-Stephen-by-Side-by-Side-70-3-500x700.png\" class=\"attachment-500x700 size-500x700\" alt=\"Aisling &amp; Stephen by Side by Side (70) 3\" \/>\n\t\t\t\t\t\t\t\t\t\t\t\t\t<\/a>\n\t\t\t\t\t\t\t\t\t\t\t<\/div>\n\t\t\t\t\t\t\t\t\t\t\t\t\t\t\t<div class=\"wd-gallery-item wd-carousel-item\">\n\t\t\t\t\t\t\t\t\t\t\t\t\t<a  href=\"https:\/\/montedoserrinho.com\/wp-content\/uploads\/2026\/01\/Emily-Jamie-by-Luis-Jorge-26-1.png\" data-width=\"790\" data-height=\"1185\" data-index=\"12\" data-elementor-open-lightbox=\"no\">\n\t\t\t\t\t\t\n\t\t\t\t\t\t<img loading=\"lazy\" decoding=\"async\" width=\"500\" height=\"700\" src=\"https:\/\/montedoserrinho.com\/wp-content\/uploads\/2026\/01\/Emily-Jamie-by-Luis-Jorge-26-1-500x700.png\" class=\"attachment-500x700 size-500x700\" alt=\"Emily &amp; Jamie by Lui\u0301s Jorge (26) 1\" \/>\n\t\t\t\t\t\t\t\t\t\t\t\t\t<\/a>\n\t\t\t\t\t\t\t\t\t\t\t<\/div>\n\t\t\t\t\t\t\t\t\t\t\t\t\t\t\t<div class=\"wd-gallery-item wd-carousel-item\">\n\t\t\t\t\t\t\t\t\t\t\t\t\t<a  href=\"https:\/\/montedoserrinho.com\/wp-content\/uploads\/2026\/01\/Jane-Colm-MDS-by-Luis-Jorge-9-3.png\" data-width=\"821\" data-height=\"1095\" data-index=\"13\" data-elementor-open-lightbox=\"no\">\n\t\t\t\t\t\t\n\t\t\t\t\t\t<img loading=\"lazy\" decoding=\"async\" width=\"500\" height=\"700\" src=\"https:\/\/montedoserrinho.com\/wp-content\/uploads\/2026\/01\/Jane-Colm-MDS-by-Luis-Jorge-9-3-500x700.png\" class=\"attachment-500x700 size-500x700\" alt=\"Jane &amp; Colm MDS by Lui\u0301s Jorge (9) 3\" \/>\n\t\t\t\t\t\t\t\t\t\t\t\t\t<\/a>\n\t\t\t\t\t\t\t\t\t\t\t<\/div>\n\t\t\t\t\t\t\t\t\t\t\t\t\t\t\t<div class=\"wd-gallery-item wd-carousel-item\">\n\t\t\t\t\t\t\t\t\t\t\t\t\t<a  href=\"https:\/\/montedoserrinho.com\/wp-content\/uploads\/2026\/01\/Jane-Colm-MDS-by-Luis-Jorge-17-1.png\" data-width=\"821\" data-height=\"1095\" data-index=\"14\" data-elementor-open-lightbox=\"no\">\n\t\t\t\t\t\t\n\t\t\t\t\t\t<img loading=\"lazy\" decoding=\"async\" width=\"500\" height=\"700\" src=\"https:\/\/montedoserrinho.com\/wp-content\/uploads\/2026\/01\/Jane-Colm-MDS-by-Luis-Jorge-17-1-500x700.png\" class=\"attachment-500x700 size-500x700\" alt=\"Jane &amp; Colm MDS by Lui\u0301s Jorge (17) 1\" \/>\n\t\t\t\t\t\t\t\t\t\t\t\t\t<\/a>\n\t\t\t\t\t\t\t\t\t\t\t<\/div>\n\t\t\t\t\t\t\t\t\t\t\t\t\t\t\t\t<\/div>\n\t\t\t\t\t\t\t\t<\/div>\n\t\t\t\t\t\t\t\t\t\t\t\t\t\t<div class=\"wd-nav-arrows wd-pos-sep wd-hover-1 wd-icon-1\">\n\t\t\t<div class=\"wd-btn-arrow wd-prev wd-disabled\">\n\t\t\t\t<div class=\"wd-arrow-inner\"><\/div>\n\t\t\t<\/div>\n\t\t\t<div class=\"wd-btn-arrow wd-next\">\n\t\t\t\t<div class=\"wd-arrow-inner\"><\/div>\n\t\t\t<\/div>\n\t\t<\/div>\n\t\t\t\t\t\t\n\t\t\t\t<\/div>\n\n\t\t\t\t\t\t\t\t\t\t\t\t\t<\/div>\n\t\t\t\t\t\t<\/div>\n\t\t\t\t<\/div>\n\t\t\t\t\t<\/div>\n\t\t\t\t<\/div>\n\t\t<div class=\"wd-negative-gap elementor-element elementor-element-165fa9f3 e-flex e-con-boxed e-con e-parent\" data-id=\"165fa9f3\" data-element_type=\"container\" data-e-type=\"container\">\n\t\t\t\t\t<div class=\"e-con-inner\">\n\t\t<div class=\"elementor-element elementor-element-76b8a001 e-con-full e-flex e-con e-child\" data-id=\"76b8a001\" data-element_type=\"container\" data-e-type=\"container\">\n\t\t\t\t<div class=\"elementor-element elementor-element-a6f7ed8 text-center color-scheme-inherit elementor-widget elementor-widget-text-editor\" data-id=\"a6f7ed8\" data-element_type=\"widget\" data-e-type=\"widget\" data-widget_type=\"text-editor.default\">\n\t\t\t\t\t\t\t\t\t<p><span style=\"white-space-collapse: preserve;\">Eira<\/span><\/p>\t\t\t\t\t\t\t\t<\/div>\n\t\t\t\t<\/div>\n\t\t<div class=\"elementor-element elementor-element-7bb92dd4 e-con-full e-flex e-con e-child\" data-id=\"7bb92dd4\" data-element_type=\"container\" data-e-type=\"container\">\n\t\t\t\t<div class=\"elementor-element elementor-element-666d060f color-scheme-inherit text-left elementor-widget elementor-widget-text-editor\" data-id=\"666d060f\" data-element_type=\"widget\" data-e-type=\"widget\" data-widget_type=\"text-editor.default\">\n\t\t\t\t\t\t\t\t\t<p>Um espa\u00e7o coberto e elegante, perfeito para refei\u00e7\u00f5es e momentos de conv\u00edvio, combinando o charme r\u00fastico com conforto e sofistica\u00e7\u00e3o<\/p>\t\t\t\t\t\t\t\t<\/div>\n\t\t\t\t<\/div>\n\t\t\t\t\t<\/div>\n\t\t\t\t<\/div>\n\t\t<div class=\"wd-negative-gap elementor-element elementor-element-2be9ec48 e-flex e-con-boxed elementor-invisible e-con e-parent\" data-id=\"2be9ec48\" data-element_type=\"container\" data-e-type=\"container\" id=\"patio\" data-settings=\"{&quot;animation&quot;:&quot;fadeIn&quot;}\">\n\t\t\t\t\t<div class=\"e-con-inner\">\n\t\t\t\t<div class=\"elementor-element elementor-element-247e9aae elementor-widget elementor-widget-slider_revolution\" data-id=\"247e9aae\" data-element_type=\"widget\" data-e-type=\"widget\" data-widget_type=\"slider_revolution.default\">\n\t\t\t\t\t\n\t\t<div class=\"wp-block-themepunch-revslider\">\n\t\t\t\t<p class=\"rs-p-wp-fix\"><\/p>\n\t\t\t\t<sr7-module data-alias=\"patio-11\" data-id=\"13\" id=\"SR7_13_2\" class=\"rs-ov-hidden\" data-version=\"6.7.41\">\n\t\t\t\t\t<sr7-adjuster><\/sr7-adjuster>\n\t\t\t\t\t<sr7-content>\n\t\t\t\t\t\t<sr7-slide id=\"SR7_13_2-210\" data-key=\"210\">\n\t\t\t\t\t\t\t<sr7-bg id=\"SR7_13_2-210-15\" class=\"sr7-layer\"><noscript><img decoding=\"async\" src=\"https:\/\/montedoserrinho.propostas.pt\/wp-content\/uploads\/2026\/01\/Aisling-Stephen-by-Side-by-Side-90-1.png\" alt=\"\" title=\"Aisling &#038; Stephen by Side by Side (90) 1\"><\/noscript><\/sr7-bg>\n\t\t\t\t\t\t\t<sr7-txt id=\"SR7_13_2-210-0\" class=\"sr7-layer\">P\u00e1tio<\/sr7-txt>\n\t\t\t\t\t\t\t<sr7-txt id=\"SR7_13_2-210-2\" class=\"sr7-layer\">Um amplo p\u00e1tio ao ar livre, ideal para jantares e celebra\u00e7\u00f5es sob as estrelas, com uma atmosfera acolhedora e intimista.<br \/>\n<\/sr7-txt>\n\t\t\t\t\t\t<\/sr7-slide>\n\t\t\t\t\t\t<sr7-slide id=\"SR7_13_2-211\" data-key=\"211\">\n\t\t\t\t\t\t\t<sr7-bg id=\"SR7_13_2-211-15\" class=\"sr7-layer\"><noscript><img decoding=\"async\" src=\"https:\/\/montedoserrinho.propostas.pt\/wp-content\/uploads\/2026\/01\/Aine-Peter-by-Amore-Mio-59-1.png\" alt=\"\" title=\"Aine &#038; Peter by Amore Mio (59) 1\"><\/noscript><\/sr7-bg>\n\t\t\t\t\t\t\t<sr7-txt id=\"SR7_13_2-211-0\" class=\"sr7-layer\">P\u00e1tio<\/sr7-txt>\n\t\t\t\t\t\t\t<sr7-txt id=\"SR7_13_2-211-2\" class=\"sr7-layer\">Um amplo p\u00e1tio ao ar livre, ideal para jantares e celebra\u00e7\u00f5es sob as estrelas, com uma atmosfera acolhedora e intimista.<br \/>\n<\/sr7-txt>\n\t\t\t\t\t\t<\/sr7-slide>\n\t\t\t\t\t\t<sr7-slide id=\"SR7_13_2-212\" data-key=\"212\">\n\t\t\t\t\t\t\t<sr7-bg id=\"SR7_13_2-212-15\" class=\"sr7-layer\"><noscript><img decoding=\"async\" src=\"https:\/\/montedoserrinho.propostas.pt\/wp-content\/uploads\/2026\/01\/Fred-Negina-by-Matt-Lena-22-1-scaled.png\" alt=\"\" title=\"Fred &#038; Negina by Matt &#038; Lena (22) 1\"><\/noscript><\/sr7-bg>\n\t\t\t\t\t\t\t<sr7-txt id=\"SR7_13_2-212-0\" class=\"sr7-layer\">P\u00e1tio<\/sr7-txt>\n\t\t\t\t\t\t\t<sr7-txt id=\"SR7_13_2-212-2\" class=\"sr7-layer\">Um amplo p\u00e1tio ao ar livre, ideal para jantares e celebra\u00e7\u00f5es sob as estrelas, com uma atmosfera acolhedora e intimista.<br \/>\n<\/sr7-txt>\n\t\t\t\t\t\t<\/sr7-slide>\n\t\t\t\t\t\t<sr7-slide id=\"SR7_13_2-213\" data-key=\"213\">\n\t\t\t\t\t\t\t<sr7-bg id=\"SR7_13_2-213-15\" class=\"sr7-layer\"><noscript><img decoding=\"async\" src=\"https:\/\/montedoserrinho.propostas.pt\/wp-content\/uploads\/2026\/01\/Alison-Cathal-by-Side-by-Side-100-1.png\" alt=\"\" title=\"Alison &#038; Cathal by Side by Side (100) 1\"><\/noscript><\/sr7-bg>\n\t\t\t\t\t\t\t<sr7-txt id=\"SR7_13_2-213-0\" class=\"sr7-layer\">P\u00e1tio<\/sr7-txt>\n\t\t\t\t\t\t\t<sr7-txt id=\"SR7_13_2-213-2\" class=\"sr7-layer\">Um amplo p\u00e1tio ao ar livre, ideal para jantares e celebra\u00e7\u00f5es sob as estrelas, com uma atmosfera acolhedora e intimista.<br \/>\n<\/sr7-txt>\n\t\t\t\t\t\t<\/sr7-slide>\n\t\t\t\t\t\t<sr7-slide id=\"SR7_13_2-214\" data-key=\"214\">\n\t\t\t\t\t\t\t<sr7-bg id=\"SR7_13_2-214-15\" class=\"sr7-layer\"><noscript><img decoding=\"async\" src=\"https:\/\/montedoserrinho.propostas.pt\/wp-content\/uploads\/2026\/01\/Georgia-Jack-by-Amore-Mio-84-1.png\" alt=\"\" title=\"Georgia &#038; Jack by Amore Mio (84) 1\"><\/noscript><\/sr7-bg>\n\t\t\t\t\t\t\t<sr7-txt id=\"SR7_13_2-214-0\" class=\"sr7-layer\">P\u00e1tio<\/sr7-txt>\n\t\t\t\t\t\t\t<sr7-txt id=\"SR7_13_2-214-2\" class=\"sr7-layer\">Um amplo p\u00e1tio ao ar livre, ideal para jantares e celebra\u00e7\u00f5es sob as estrelas, com uma atmosfera acolhedora e intimista.<br \/>\n<\/sr7-txt>\n\t\t\t\t\t\t<\/sr7-slide>\n\t\t\t\t\t\t<sr7-slide id=\"SR7_13_2-215\" data-key=\"215\">\n\t\t\t\t\t\t\t<sr7-bg id=\"SR7_13_2-215-15\" class=\"sr7-layer\"><noscript><img decoding=\"async\" src=\"https:\/\/montedoserrinho.propostas.pt\/wp-content\/uploads\/2026\/01\/Ines-Marcelo-by-Sara-Fig-30-1.png\" alt=\"\" title=\"Ine\u0302s &#038; Marcelo by Sara Fig (30) 1\"><\/noscript><\/sr7-bg>\n\t\t\t\t\t\t\t<sr7-txt id=\"SR7_13_2-215-0\" class=\"sr7-layer\">P\u00e1tio<\/sr7-txt>\n\t\t\t\t\t\t\t<sr7-txt id=\"SR7_13_2-215-2\" class=\"sr7-layer\">Um amplo p\u00e1tio ao ar livre, ideal para jantares e celebra\u00e7\u00f5es sob as estrelas, com uma atmosfera acolhedora e intimista.<br \/>\n<\/sr7-txt>\n\t\t\t\t\t\t<\/sr7-slide>\n\t\t\t\t\t\t<sr7-slide id=\"SR7_13_2-216\" data-key=\"216\">\n\t\t\t\t\t\t\t<sr7-bg id=\"SR7_13_2-216-15\" class=\"sr7-layer\"><noscript><img decoding=\"async\" src=\"https:\/\/montedoserrinho.propostas.pt\/wp-content\/uploads\/2026\/01\/Christine-Brendan-by-Sara-Fig-Photography-57-1.png\" alt=\"\" title=\"Christine &#038; Brendan by Sara Fig Photography (57) 1\"><\/noscript><\/sr7-bg>\n\t\t\t\t\t\t\t<sr7-txt id=\"SR7_13_2-216-0\" class=\"sr7-layer\">P\u00e1tio<\/sr7-txt>\n\t\t\t\t\t\t\t<sr7-txt id=\"SR7_13_2-216-2\" class=\"sr7-layer\">Um amplo p\u00e1tio ao ar livre, ideal para jantares e celebra\u00e7\u00f5es sob as estrelas, com uma atmosfera acolhedora e intimista.<br \/>\n<\/sr7-txt>\n\t\t\t\t\t\t<\/sr7-slide>\n\t\t\t\t\t\t<sr7-slide id=\"SR7_13_2-217\" data-key=\"217\">\n\t\t\t\t\t\t\t<sr7-bg id=\"SR7_13_2-217-15\" class=\"sr7-layer\"><noscript><img decoding=\"async\" src=\"https:\/\/montedoserrinho.propostas.pt\/wp-content\/uploads\/2026\/01\/AmoremioWeddingPhotography_MDSerrinho_2_349-1.png\" alt=\"\" title=\"AmoremioWeddingPhotography_MDSerrinho_2_349 1\"><\/noscript><\/sr7-bg>\n\t\t\t\t\t\t\t<sr7-txt id=\"SR7_13_2-217-0\" class=\"sr7-layer\">P\u00e1tio<\/sr7-txt>\n\t\t\t\t\t\t\t<sr7-txt id=\"SR7_13_2-217-2\" class=\"sr7-layer\">Um amplo p\u00e1tio ao ar livre, ideal para jantares e celebra\u00e7\u00f5es sob as estrelas, com uma atmosfera acolhedora e intimista.<br \/>\n<\/sr7-txt>\n\t\t\t\t\t\t<\/sr7-slide>\n\t\t\t\t\t\t<sr7-slide id=\"SR7_13_2-218\" data-key=\"218\">\n\t\t\t\t\t\t<\/sr7-slide>\n\t\t\t\t\t<\/sr7-content>\n\t\t\t\t\t<image_lists style=\"display:none\">\n\t\t\t\t\t\t<img data-src=\"\/\/montedoserrinho.propostas.pt\/wp-content\/uploads\/2026\/01\/Frame-10.png\" data-libid=\"161\" data-lib=\"medialibrary\" title=\"Frame 10\" width=\"0\" height=\"0\" data-dbsrc=\"Ly9tb250ZWRvc2VycmluaG8ucHJvcG9zdGFzLnB0L3dwLWNvbnRlbnQvdXBsb2Fkcy8yMDI2LzAxL0ZyYW1lLTEwLnBuZw==\"\/>\n\t\t\t\t\t\t<img data-src=\"\/\/montedoserrinho.propostas.pt\/wp-content\/uploads\/2026\/01\/Frame-9.png\" data-libid=\"160\" data-lib=\"medialibrary\" title=\"Frame 9\" width=\"0\" height=\"0\" data-dbsrc=\"Ly9tb250ZWRvc2VycmluaG8ucHJvcG9zdGFzLnB0L3dwLWNvbnRlbnQvdXBsb2Fkcy8yMDI2LzAxL0ZyYW1lLTkucG5n\"\/>\n\t\t\t\t\t\t<img data-src=\"\/\/montedoserrinho.propostas.pt\/wp-content\/uploads\/2026\/01\/Aisling-Stephen-by-Side-by-Side-90-1.png\" data-libid=\"418\" data-lib=\"medialibrary\" title=\"Aisling &#038; Stephen by Side by Side (90) 1\" width=\"0\" height=\"0\" data-dbsrc=\"Ly9tb250ZWRvc2VycmluaG8ucHJvcG9zdGFzLnB0L3dwLWNvbnRlbnQvdXBsb2Fkcy8yMDI2LzAxL0Fpc2xpbmctU3RlcGhlbi1ieS1TaWRlLWJ5LVNpZGUtOTAtMS5wbmc=\"\/>\n\t\t\t\t\t\t<img data-src=\"\/\/montedoserrinho.propostas.pt\/wp-content\/uploads\/2026\/01\/Aine-Peter-by-Amore-Mio-59-1.png\" data-libid=\"419\" data-lib=\"medialibrary\" title=\"Aine &#038; Peter by Amore Mio (59) 1\" width=\"0\" height=\"0\" data-dbsrc=\"Ly9tb250ZWRvc2VycmluaG8ucHJvcG9zdGFzLnB0L3dwLWNvbnRlbnQvdXBsb2Fkcy8yMDI2LzAxL0FpbmUtUGV0ZXItYnktQW1vcmUtTWlvLTU5LTEucG5n\"\/>\n\t\t\t\t\t\t<img data-src=\"\/\/montedoserrinho.propostas.pt\/wp-content\/uploads\/2026\/01\/Fred-Negina-by-Matt-Lena-22-1-scaled.png\" data-libid=\"420\" data-lib=\"medialibrary\" title=\"Fred &#038; Negina by Matt &#038; Lena (22) 1\" width=\"0\" height=\"0\" data-dbsrc=\"Ly9tb250ZWRvc2VycmluaG8ucHJvcG9zdGFzLnB0L3dwLWNvbnRlbnQvdXBsb2Fkcy8yMDI2LzAxL0ZyZWQtTmVnaW5hLWJ5LU1hdHQtTGVuYS0yMi0xLXNjYWxlZC5wbmc=\"\/>\n\t\t\t\t\t\t<img data-src=\"\/\/montedoserrinho.propostas.pt\/wp-content\/uploads\/2026\/01\/Alison-Cathal-by-Side-by-Side-100-1.png\" data-libid=\"421\" data-lib=\"medialibrary\" title=\"Alison &#038; Cathal by Side by Side (100) 1\" width=\"0\" height=\"0\" data-dbsrc=\"Ly9tb250ZWRvc2VycmluaG8ucHJvcG9zdGFzLnB0L3dwLWNvbnRlbnQvdXBsb2Fkcy8yMDI2LzAxL0FsaXNvbi1DYXRoYWwtYnktU2lkZS1ieS1TaWRlLTEwMC0xLnBuZw==\"\/>\n\t\t\t\t\t\t<img data-src=\"\/\/montedoserrinho.propostas.pt\/wp-content\/uploads\/2026\/01\/Georgia-Jack-by-Amore-Mio-84-1.png\" data-libid=\"422\" data-lib=\"medialibrary\" title=\"Georgia &#038; Jack by Amore Mio (84) 1\" width=\"0\" height=\"0\" data-dbsrc=\"Ly9tb250ZWRvc2VycmluaG8ucHJvcG9zdGFzLnB0L3dwLWNvbnRlbnQvdXBsb2Fkcy8yMDI2LzAxL0dlb3JnaWEtSmFjay1ieS1BbW9yZS1NaW8tODQtMS5wbmc=\"\/>\n\t\t\t\t\t\t<img data-src=\"\/\/montedoserrinho.propostas.pt\/wp-content\/uploads\/2026\/01\/Ines-Marcelo-by-Sara-Fig-30-1.png\" data-libid=\"423\" data-lib=\"medialibrary\" title=\"Ine\u0302s &#038; Marcelo by Sara Fig (30) 1\" width=\"0\" height=\"0\" data-dbsrc=\"Ly9tb250ZWRvc2VycmluaG8ucHJvcG9zdGFzLnB0L3dwLWNvbnRlbnQvdXBsb2Fkcy8yMDI2LzAxL0luZXMtTWFyY2Vsby1ieS1TYXJhLUZpZy0zMC0xLnBuZw==\"\/>\n\t\t\t\t\t\t<img data-src=\"\/\/montedoserrinho.propostas.pt\/wp-content\/uploads\/2026\/01\/Christine-Brendan-by-Sara-Fig-Photography-57-1.png\" data-libid=\"424\" data-lib=\"medialibrary\" title=\"Christine &#038; Brendan by Sara Fig Photography (57) 1\" width=\"0\" height=\"0\" data-dbsrc=\"Ly9tb250ZWRvc2VycmluaG8ucHJvcG9zdGFzLnB0L3dwLWNvbnRlbnQvdXBsb2Fkcy8yMDI2LzAxL0NocmlzdGluZS1CcmVuZGFuLWJ5LVNhcmEtRmlnLVBob3RvZ3JhcGh5LTU3LTEucG5n\"\/>\n\t\t\t\t\t\t<img data-src=\"\/\/montedoserrinho.propostas.pt\/wp-content\/uploads\/2026\/01\/AmoremioWeddingPhotography_MDSerrinho_2_349-1.png\" data-libid=\"425\" data-lib=\"medialibrary\" title=\"AmoremioWeddingPhotography_MDSerrinho_2_349 1\" width=\"0\" height=\"0\" data-dbsrc=\"Ly9tb250ZWRvc2VycmluaG8ucHJvcG9zdGFzLnB0L3dwLWNvbnRlbnQvdXBsb2Fkcy8yMDI2LzAxL0Ftb3JlbWlvV2VkZGluZ1Bob3RvZ3JhcGh5X01EU2VycmluaG9fMl8zNDktMS5wbmc=\"\/>\n\t\t\t\t\t<\/image_lists>\n\t\t\t\t<\/sr7-module>\n\t\t\t\t<script>\n\t\t\t\t\tSR7.PMH ??={}; SR7.PMH[\"SR7_13_2\"] = {cn:100,state:false,fn: function() { if (_tpt!==undefined && _tpt.prepareModuleHeight !== undefined) {  _tpt.prepareModuleHeight({id:\"SR7_13_2\",el:[620,620,620,620,720],type:'standard',shdw:'0',gh:[620,620,620,620,720],gw:[1240,1240,1240,1240,480],vpt:['-100px&#039;,&#039;-100px&#039;,&#039;-100px&#039;,&#039;-100px&#039;,&#039;-100px'],size:{fullWidth:true, fullHeight:false},mh:'0',onh:0,onw:0,bg:{color:'{\"orig\":\"transparent\",\"type\":\"solid\",\"string\":\"transparent\"}'}});   SR7.PMH[\"SR7_13_2\"].state=true;} else if(SR7.PMH[\"SR7_13_2\"].cn-->0)\tsetTimeout( SR7.PMH[\"SR7_13_2\"].fn,19);}};SR7.PMH[\"SR7_13_2\" ].fn();\n\t\t\t\t<\/script>\n<\/div>\n\n\t\t\t\t\t\t<\/div>\n\t\t\t\t\t<\/div>\n\t\t\t\t<\/div>\n\t\t<div class=\"wd-negative-gap elementor-element elementor-element-6eac2493 e-flex e-con-boxed e-con e-parent\" data-id=\"6eac2493\" data-element_type=\"container\" data-e-type=\"container\" id=\"pool\">\n\t\t\t\t\t<div class=\"e-con-inner\">\n\t\t\t\t<div class=\"elementor-element elementor-element-168f83 wd-width-100 elementor-widget elementor-widget-wd_images_gallery\" data-id=\"168f83\" data-element_type=\"widget\" data-e-type=\"widget\" data-widget_type=\"wd_images_gallery.default\">\n\t\t\t\t<div class=\"elementor-widget-container\">\n\t\t\t\t\t\t\t<div class=\"wd-images-gallery photoswipe-images wd-carousel-container\" style=\"--wd-align-items:center; --wd-justify-content:center;\">\n\t\t\t\t\t\t\t<div class=\"wd-carousel-inner\">\n\t\t\t\t\t\t<div class=\"wd-carousel wd-grid\" data-speed=\"5000\" data-wrap=\"yes\" data-autoplay=\"yes\" data-autoheight=\"yes\" data-scroll_per_page=\"yes\" style=\"--wd-col-lg:3;--wd-col-md:3;--wd-col-sm:1;--wd-gap-lg:0px;\">\n\t\t\t\t\t\t\t\t\t<div class=\"wd-carousel-wrap\">\n\t\t\t\t\t\t\t\t\t\t\t\t\t\t\t\t\t\t<div class=\"wd-gallery-item wd-carousel-item\">\n\t\t\t\t\t\t\t\t\t\t\t\t\t<a  href=\"https:\/\/montedoserrinho.com\/wp-content\/uploads\/2026\/01\/Damilola-Chinedu-68-1.png\" data-width=\"846\" data-height=\"867\" data-index=\"1\" data-elementor-open-lightbox=\"no\">\n\t\t\t\t\t\t\n\t\t\t\t\t\t<img loading=\"lazy\" decoding=\"async\" width=\"500\" height=\"700\" src=\"https:\/\/montedoserrinho.com\/wp-content\/uploads\/2026\/01\/Damilola-Chinedu-68-1-500x700.png\" class=\"attachment-500x700 size-500x700\" alt=\"Damilola &amp; Chinedu (68) 1\" \/>\n\t\t\t\t\t\t\t\t\t\t\t\t\t<\/a>\n\t\t\t\t\t\t\t\t\t\t\t<\/div>\n\t\t\t\t\t\t\t\t\t\t\t\t\t\t\t<div class=\"wd-gallery-item wd-carousel-item\">\n\t\t\t\t\t\t\t\t\t\t\t\t\t<a  href=\"https:\/\/montedoserrinho.com\/wp-content\/uploads\/2026\/01\/Esme-Rowan-by-Charlotte-Jane-73-1.png\" data-width=\"642\" data-height=\"867\" data-index=\"2\" data-elementor-open-lightbox=\"no\">\n\t\t\t\t\t\t\n\t\t\t\t\t\t<img loading=\"lazy\" decoding=\"async\" width=\"500\" height=\"700\" src=\"https:\/\/montedoserrinho.com\/wp-content\/uploads\/2026\/01\/Esme-Rowan-by-Charlotte-Jane-73-1-500x700.png\" class=\"attachment-500x700 size-500x700\" alt=\"Esme &amp; Rowan by Charlotte Jane (73) 1\" \/>\n\t\t\t\t\t\t\t\t\t\t\t\t\t<\/a>\n\t\t\t\t\t\t\t\t\t\t\t<\/div>\n\t\t\t\t\t\t\t\t\t\t\t\t\t\t\t<div class=\"wd-gallery-item wd-carousel-item\">\n\t\t\t\t\t\t\t\t\t\t\t\t\t<a  href=\"https:\/\/montedoserrinho.com\/wp-content\/uploads\/2026\/01\/Deirdre-Jamie-by-Luis-Jorge-11-1.png\" data-width=\"1175\" data-height=\"867\" data-index=\"3\" data-elementor-open-lightbox=\"no\">\n\t\t\t\t\t\t\n\t\t\t\t\t\t<img loading=\"lazy\" decoding=\"async\" width=\"500\" height=\"700\" src=\"https:\/\/montedoserrinho.com\/wp-content\/uploads\/2026\/01\/Deirdre-Jamie-by-Luis-Jorge-11-1-500x700.png\" class=\"attachment-500x700 size-500x700\" alt=\"Deirdre &amp; Jamie by Lui\u0301s Jorge (11) 1\" \/>\n\t\t\t\t\t\t\t\t\t\t\t\t\t<\/a>\n\t\t\t\t\t\t\t\t\t\t\t<\/div>\n\t\t\t\t\t\t\t\t\t\t\t\t\t\t\t<div class=\"wd-gallery-item wd-carousel-item\">\n\t\t\t\t\t\t\t\t\t\t\t\t\t<a  href=\"https:\/\/montedoserrinho.com\/wp-content\/uploads\/2026\/01\/Aisling-Stephen-by-Side-by-Side-5-1.png\" data-width=\"846\" data-height=\"1129\" data-index=\"4\" data-elementor-open-lightbox=\"no\">\n\t\t\t\t\t\t\n\t\t\t\t\t\t<img loading=\"lazy\" decoding=\"async\" width=\"500\" height=\"700\" src=\"https:\/\/montedoserrinho.com\/wp-content\/uploads\/2026\/01\/Aisling-Stephen-by-Side-by-Side-5-1-500x700.png\" class=\"attachment-500x700 size-500x700\" alt=\"Aisling &amp; Stephen by Side by Side (5) 1\" \/>\n\t\t\t\t\t\t\t\t\t\t\t\t\t<\/a>\n\t\t\t\t\t\t\t\t\t\t\t<\/div>\n\t\t\t\t\t\t\t\t\t\t\t\t\t\t\t<div class=\"wd-gallery-item wd-carousel-item\">\n\t\t\t\t\t\t\t\t\t\t\t\t\t<a  href=\"https:\/\/montedoserrinho.com\/wp-content\/uploads\/2026\/01\/Claire-Xavier-by-Vintage-Studios-17-1.png\" data-width=\"758\" data-height=\"1137\" data-index=\"5\" data-elementor-open-lightbox=\"no\">\n\t\t\t\t\t\t\n\t\t\t\t\t\t<img loading=\"lazy\" decoding=\"async\" width=\"500\" height=\"700\" src=\"https:\/\/montedoserrinho.com\/wp-content\/uploads\/2026\/01\/Claire-Xavier-by-Vintage-Studios-17-1-500x700.png\" class=\"attachment-500x700 size-500x700\" alt=\"Claire &amp; Xavier by Vintage Studios (17) 1\" \/>\n\t\t\t\t\t\t\t\t\t\t\t\t\t<\/a>\n\t\t\t\t\t\t\t\t\t\t\t<\/div>\n\t\t\t\t\t\t\t\t\t\t\t\t\t\t\t<div class=\"wd-gallery-item wd-carousel-item\">\n\t\t\t\t\t\t\t\t\t\t\t\t\t<a  href=\"https:\/\/montedoserrinho.com\/wp-content\/uploads\/2026\/01\/Francesca-Lewis-by-JJMT-Photography-19-2.png\" data-width=\"747\" data-height=\"1120\" data-index=\"6\" data-elementor-open-lightbox=\"no\">\n\t\t\t\t\t\t\n\t\t\t\t\t\t<img loading=\"lazy\" decoding=\"async\" width=\"500\" height=\"700\" src=\"https:\/\/montedoserrinho.com\/wp-content\/uploads\/2026\/01\/Francesca-Lewis-by-JJMT-Photography-19-2-500x700.png\" class=\"attachment-500x700 size-500x700\" alt=\"Francesca &amp; Lewis by JJMT Photography (19) 2\" \/>\n\t\t\t\t\t\t\t\t\t\t\t\t\t<\/a>\n\t\t\t\t\t\t\t\t\t\t\t<\/div>\n\t\t\t\t\t\t\t\t\t\t\t\t\t\t\t<div class=\"wd-gallery-item wd-carousel-item\">\n\t\t\t\t\t\t\t\t\t\t\t\t\t<a  href=\"https:\/\/montedoserrinho.com\/wp-content\/uploads\/2026\/01\/Damilola-Chinedu-43-1.png\" data-width=\"845\" data-height=\"1127\" data-index=\"7\" data-elementor-open-lightbox=\"no\">\n\t\t\t\t\t\t\n\t\t\t\t\t\t<img loading=\"lazy\" decoding=\"async\" width=\"500\" height=\"700\" src=\"https:\/\/montedoserrinho.com\/wp-content\/uploads\/2026\/01\/Damilola-Chinedu-43-1-500x700.png\" class=\"attachment-500x700 size-500x700\" alt=\"Damilola &amp; Chinedu (43) 1\" \/>\n\t\t\t\t\t\t\t\t\t\t\t\t\t<\/a>\n\t\t\t\t\t\t\t\t\t\t\t<\/div>\n\t\t\t\t\t\t\t\t\t\t\t\t\t\t\t<div class=\"wd-gallery-item wd-carousel-item\">\n\t\t\t\t\t\t\t\t\t\t\t\t\t<a  href=\"https:\/\/montedoserrinho.com\/wp-content\/uploads\/2026\/01\/Georgia-Jack-by-Amore-Mio-94-1.png\" data-width=\"984\" data-height=\"1127\" data-index=\"8\" data-elementor-open-lightbox=\"no\">\n\t\t\t\t\t\t\n\t\t\t\t\t\t<img loading=\"lazy\" decoding=\"async\" width=\"500\" height=\"700\" src=\"https:\/\/montedoserrinho.com\/wp-content\/uploads\/2026\/01\/Georgia-Jack-by-Amore-Mio-94-1-500x700.png\" class=\"attachment-500x700 size-500x700\" alt=\"Georgia &amp; Jack by Amore Mio (94) 1\" \/>\n\t\t\t\t\t\t\t\t\t\t\t\t\t<\/a>\n\t\t\t\t\t\t\t\t\t\t\t<\/div>\n\t\t\t\t\t\t\t\t\t\t\t\t\t\t\t<div class=\"wd-gallery-item wd-carousel-item\">\n\t\t\t\t\t\t\t\t\t\t\t\t\t<a  href=\"https:\/\/montedoserrinho.com\/wp-content\/uploads\/2026\/01\/Pammy-Ian-by-Side-by-Side-69-1.png\" data-width=\"845\" data-height=\"1127\" data-index=\"9\" data-elementor-open-lightbox=\"no\">\n\t\t\t\t\t\t\n\t\t\t\t\t\t<img loading=\"lazy\" decoding=\"async\" width=\"500\" height=\"700\" src=\"https:\/\/montedoserrinho.com\/wp-content\/uploads\/2026\/01\/Pammy-Ian-by-Side-by-Side-69-1-500x700.png\" class=\"attachment-500x700 size-500x700\" alt=\"Pammy &amp; Ian by Side by Side (69) 1\" \/>\n\t\t\t\t\t\t\t\t\t\t\t\t\t<\/a>\n\t\t\t\t\t\t\t\t\t\t\t<\/div>\n\t\t\t\t\t\t\t\t\t\t\t\t\t\t\t<div class=\"wd-gallery-item wd-carousel-item\">\n\t\t\t\t\t\t\t\t\t\t\t\t\t<a  href=\"https:\/\/montedoserrinho.com\/wp-content\/uploads\/2026\/01\/Bronagh-Keelan-by-Charlotte-Jane-6-1.png\" data-width=\"933\" data-height=\"1092\" data-index=\"10\" data-elementor-open-lightbox=\"no\">\n\t\t\t\t\t\t\n\t\t\t\t\t\t<img loading=\"lazy\" decoding=\"async\" width=\"500\" height=\"700\" src=\"https:\/\/montedoserrinho.com\/wp-content\/uploads\/2026\/01\/Bronagh-Keelan-by-Charlotte-Jane-6-1-500x700.png\" class=\"attachment-500x700 size-500x700\" alt=\"Bronagh &amp; Keelan by Charlotte Jane (6) 1\" \/>\n\t\t\t\t\t\t\t\t\t\t\t\t\t<\/a>\n\t\t\t\t\t\t\t\t\t\t\t<\/div>\n\t\t\t\t\t\t\t\t\t\t\t\t\t\t\t<div class=\"wd-gallery-item wd-carousel-item\">\n\t\t\t\t\t\t\t\t\t\t\t\t\t<a  href=\"https:\/\/montedoserrinho.com\/wp-content\/uploads\/2026\/01\/Damilola-Chinedu-71-1.png\" data-width=\"841\" data-height=\"1121\" data-index=\"11\" data-elementor-open-lightbox=\"no\">\n\t\t\t\t\t\t\n\t\t\t\t\t\t<img loading=\"lazy\" decoding=\"async\" width=\"500\" height=\"700\" src=\"https:\/\/montedoserrinho.com\/wp-content\/uploads\/2026\/01\/Damilola-Chinedu-71-1-500x700.png\" class=\"attachment-500x700 size-500x700\" alt=\"Damilola &amp; Chinedu (71) 1\" \/>\n\t\t\t\t\t\t\t\t\t\t\t\t\t<\/a>\n\t\t\t\t\t\t\t\t\t\t\t<\/div>\n\t\t\t\t\t\t\t\t\t\t\t\t\t\t\t<div class=\"wd-gallery-item wd-carousel-item\">\n\t\t\t\t\t\t\t\t\t\t\t\t\t<a  href=\"https:\/\/montedoserrinho.com\/wp-content\/uploads\/2026\/01\/Damilola-Chinedu-70-2.png\" data-width=\"841\" data-height=\"1121\" data-index=\"12\" data-elementor-open-lightbox=\"no\">\n\t\t\t\t\t\t\n\t\t\t\t\t\t<img loading=\"lazy\" decoding=\"async\" width=\"500\" height=\"700\" src=\"https:\/\/montedoserrinho.com\/wp-content\/uploads\/2026\/01\/Damilola-Chinedu-70-2-500x700.png\" class=\"attachment-500x700 size-500x700\" alt=\"Damilola &amp; Chinedu (70) 2\" \/>\n\t\t\t\t\t\t\t\t\t\t\t\t\t<\/a>\n\t\t\t\t\t\t\t\t\t\t\t<\/div>\n\t\t\t\t\t\t\t\t\t\t\t\t\t\t\t<div class=\"wd-gallery-item wd-carousel-item\">\n\t\t\t\t\t\t\t\t\t\t\t\t\t<a  href=\"https:\/\/montedoserrinho.com\/wp-content\/uploads\/2026\/01\/Francesca-Lewis-by-JJMT-Photography-58-1.png\" data-width=\"841\" data-height=\"1244\" data-index=\"13\" data-elementor-open-lightbox=\"no\">\n\t\t\t\t\t\t\n\t\t\t\t\t\t<img loading=\"lazy\" decoding=\"async\" width=\"500\" height=\"700\" src=\"https:\/\/montedoserrinho.com\/wp-content\/uploads\/2026\/01\/Francesca-Lewis-by-JJMT-Photography-58-1-500x700.png\" class=\"attachment-500x700 size-500x700\" alt=\"Francesca &amp; Lewis by JJMT Photography (58) 1\" \/>\n\t\t\t\t\t\t\t\t\t\t\t\t\t<\/a>\n\t\t\t\t\t\t\t\t\t\t\t<\/div>\n\t\t\t\t\t\t\t\t\t\t\t\t\t\t\t\t<\/div>\n\t\t\t\t\t\t\t\t<\/div>\n\t\t\t\t\t\t\t\t\t\t\t\t\t\t<div class=\"wd-nav-arrows wd-pos-sep wd-hover-1 wd-icon-1\">\n\t\t\t<div class=\"wd-btn-arrow wd-prev wd-disabled\">\n\t\t\t\t<div class=\"wd-arrow-inner\"><\/div>\n\t\t\t<\/div>\n\t\t\t<div class=\"wd-btn-arrow wd-next\">\n\t\t\t\t<div class=\"wd-arrow-inner\"><\/div>\n\t\t\t<\/div>\n\t\t<\/div>\n\t\t\t\t\t\t\n\t\t\t\t<\/div>\n\n\t\t\t\t\t\t\t\t\t\t\t\t\t<\/div>\n\t\t\t\t\t\t<\/div>\n\t\t\t\t<\/div>\n\t\t\t\t\t<\/div>\n\t\t\t\t<\/div>\n\t\t<div class=\"wd-negative-gap elementor-element elementor-element-25829ab e-flex e-con-boxed e-con e-parent\" data-id=\"25829ab\" data-element_type=\"container\" data-e-type=\"container\">\n\t\t\t\t\t<div class=\"e-con-inner\">\n\t\t<div class=\"elementor-element elementor-element-2dc8a973 e-con-full e-flex e-con e-child\" data-id=\"2dc8a973\" data-element_type=\"container\" data-e-type=\"container\">\n\t\t\t\t<div class=\"elementor-element elementor-element-580234c0 text-center color-scheme-inherit elementor-widget elementor-widget-text-editor\" data-id=\"580234c0\" data-element_type=\"widget\" data-e-type=\"widget\" data-widget_type=\"text-editor.default\">\n\t\t\t\t\t\t\t\t\t<p>Piscina<\/p>\t\t\t\t\t\t\t\t<\/div>\n\t\t\t\t<\/div>\n\t\t<div class=\"elementor-element elementor-element-6e73cfe e-con-full e-flex e-con e-child\" data-id=\"6e73cfe\" data-element_type=\"container\" data-e-type=\"container\">\n\t\t\t\t<div class=\"elementor-element elementor-element-3e6a5a90 color-scheme-inherit text-left elementor-widget elementor-widget-text-editor\" data-id=\"3e6a5a90\" data-element_type=\"widget\" data-e-type=\"widget\" data-widget_type=\"text-editor.default\">\n\t\t\t\t\t\t\t\t\t<p>Um espa\u00e7o vers\u00e1til que se transforma do dia para a noite, perfeito para momentos descontra\u00eddos, cocktails ao p\u00f4r do sol e festas memor\u00e1veis.<\/p>\t\t\t\t\t\t\t\t<\/div>\n\t\t\t\t<\/div>\n\t\t\t\t\t<\/div>\n\t\t\t\t<\/div>\n\t\t<div class=\"wd-negative-gap elementor-element elementor-element-3f956f08 e-flex e-con-boxed elementor-invisible e-con e-parent\" data-id=\"3f956f08\" data-element_type=\"container\" data-e-type=\"container\" id=\"piano\" data-settings=\"{&quot;animation&quot;:&quot;fadeIn&quot;}\">\n\t\t\t\t\t<div class=\"e-con-inner\">\n\t\t\t\t<div class=\"elementor-element elementor-element-4a861d66 elementor-widget elementor-widget-slider_revolution\" data-id=\"4a861d66\" data-element_type=\"widget\" data-e-type=\"widget\" data-widget_type=\"slider_revolution.default\">\n\t\t\t\t\t\n\t\t<div class=\"wp-block-themepunch-revslider\">\n\t\t\t\t<p class=\"rs-p-wp-fix\"><\/p>\n\t\t\t\t<sr7-module data-alias=\"piano-room-11\" data-id=\"14\" id=\"SR7_14_3\" class=\"rs-ov-hidden\" data-version=\"6.7.41\">\n\t\t\t\t\t<sr7-adjuster><\/sr7-adjuster>\n\t\t\t\t\t<sr7-content>\n\t\t\t\t\t\t<sr7-slide id=\"SR7_14_3-219\" data-key=\"219\">\n\t\t\t\t\t\t\t<sr7-bg id=\"SR7_14_3-219-15\" class=\"sr7-layer\"><noscript><img decoding=\"async\" src=\"https:\/\/montedoserrinho.propostas.pt\/wp-content\/uploads\/2026\/01\/AmoremioWeddingPhotography_MDSerrinho_277-1.png\" alt=\"\" title=\"AmoremioWeddingPhotography_MDSerrinho_277 1\"><\/noscript><\/sr7-bg>\n\t\t\t\t\t\t\t<sr7-txt id=\"SR7_14_3-219-0\" class=\"sr7-layer\">Sala do Piano<\/sr7-txt>\n\t\t\t\t\t\t\t<sr7-txt id=\"SR7_14_3-219-2\" class=\"sr7-layer\">Um espa\u00e7o interior acolhedor e elegante, ideal para festas noturnas, m\u00fasica e momentos de anima\u00e7\u00e3o.<\/sr7-txt>\n\t\t\t\t\t\t<\/sr7-slide>\n\t\t\t\t\t\t<sr7-slide id=\"SR7_14_3-220\" data-key=\"220\">\n\t\t\t\t\t\t\t<sr7-bg id=\"SR7_14_3-220-15\" class=\"sr7-layer\"><noscript><img decoding=\"async\" src=\"https:\/\/montedoserrinho.propostas.pt\/wp-content\/uploads\/2026\/01\/Alison-Cathal-by-Side-by-Side-135-2.png\" alt=\"\" title=\"Alison &#038; Cathal by Side by Side (135) 2\"><\/noscript><\/sr7-bg>\n\t\t\t\t\t\t\t<sr7-txt id=\"SR7_14_3-220-0\" class=\"sr7-layer\">Sala do Piano<\/sr7-txt>\n\t\t\t\t\t\t\t<sr7-txt id=\"SR7_14_3-220-2\" class=\"sr7-layer\">Um espa\u00e7o interior acolhedor e elegante, ideal para festas noturnas, m\u00fasica e momentos de anima\u00e7\u00e3o.<\/sr7-txt>\n\t\t\t\t\t\t<\/sr7-slide>\n\t\t\t\t\t\t<sr7-slide id=\"SR7_14_3-221\" data-key=\"221\">\n\t\t\t\t\t\t\t<sr7-bg id=\"SR7_14_3-221-15\" class=\"sr7-layer\"><noscript><img decoding=\"async\" src=\"https:\/\/montedoserrinho.propostas.pt\/wp-content\/uploads\/2026\/01\/Ines-Marcelo-by-Sara-Fig-35-1.png\" alt=\"\" title=\"Ine\u0302s &#038; Marcelo by Sara Fig (35) 1\"><\/noscript><\/sr7-bg>\n\t\t\t\t\t\t\t<sr7-txt id=\"SR7_14_3-221-0\" class=\"sr7-layer\">Sala do Piano<\/sr7-txt>\n\t\t\t\t\t\t\t<sr7-txt id=\"SR7_14_3-221-2\" class=\"sr7-layer\">Um espa\u00e7o interior acolhedor e elegante, ideal para festas noturnas, m\u00fasica e momentos de anima\u00e7\u00e3o.<\/sr7-txt>\n\t\t\t\t\t\t<\/sr7-slide>\n\t\t\t\t\t\t<sr7-slide id=\"SR7_14_3-222\" data-key=\"222\">\n\t\t\t\t\t\t\t<sr7-bg id=\"SR7_14_3-222-15\" class=\"sr7-layer\"><noscript><img decoding=\"async\" src=\"https:\/\/montedoserrinho.propostas.pt\/wp-content\/uploads\/2026\/01\/Ines-Marcelo-by-Sara-Fig-24-1.png\" alt=\"\" title=\"Ine\u0302s &#038; Marcelo by Sara Fig (24) 1\"><\/noscript><\/sr7-bg>\n\t\t\t\t\t\t\t<sr7-txt id=\"SR7_14_3-222-0\" class=\"sr7-layer\">Sala do Piano<\/sr7-txt>\n\t\t\t\t\t\t\t<sr7-txt id=\"SR7_14_3-222-2\" class=\"sr7-layer\">Um espa\u00e7o interior acolhedor e elegante, ideal para festas noturnas, m\u00fasica e momentos de anima\u00e7\u00e3o.<\/sr7-txt>\n\t\t\t\t\t\t<\/sr7-slide>\n\t\t\t\t\t\t<sr7-slide id=\"SR7_14_3-223\" data-key=\"223\">\n\t\t\t\t\t\t\t<sr7-bg id=\"SR7_14_3-223-15\" class=\"sr7-layer\"><noscript><img decoding=\"async\" src=\"https:\/\/montedoserrinho.propostas.pt\/wp-content\/uploads\/2026\/01\/AmoremioWeddingPhotography_MDSerrinho_277-2.png\" alt=\"\" title=\"AmoremioWeddingPhotography_MDSerrinho_277 2\"><\/noscript><\/sr7-bg>\n\t\t\t\t\t\t\t<sr7-txt id=\"SR7_14_3-223-0\" class=\"sr7-layer\">Sala do Piano<\/sr7-txt>\n\t\t\t\t\t\t\t<sr7-txt id=\"SR7_14_3-223-2\" class=\"sr7-layer\">Um espa\u00e7o interior acolhedor e elegante, ideal para festas noturnas, m\u00fasica e momentos de anima\u00e7\u00e3o.<\/sr7-txt>\n\t\t\t\t\t\t<\/sr7-slide>\n\t\t\t\t\t\t<sr7-slide id=\"SR7_14_3-224\" data-key=\"224\">\n\t\t\t\t\t\t\t<sr7-bg id=\"SR7_14_3-224-15\" class=\"sr7-layer\"><noscript><img decoding=\"async\" src=\"https:\/\/montedoserrinho.propostas.pt\/wp-content\/uploads\/2026\/01\/Ines-Marcelo-by-Sara-Fig-39-1.png\" alt=\"\" title=\"Ine\u0302s &#038; Marcelo by Sara Fig (39) 1\"><\/noscript><\/sr7-bg>\n\t\t\t\t\t\t\t<sr7-txt id=\"SR7_14_3-224-0\" class=\"sr7-layer\">Sala do Piano<\/sr7-txt>\n\t\t\t\t\t\t\t<sr7-txt id=\"SR7_14_3-224-2\" class=\"sr7-layer\">Um espa\u00e7o interior acolhedor e elegante, ideal para festas noturnas, m\u00fasica e momentos de anima\u00e7\u00e3o.<\/sr7-txt>\n\t\t\t\t\t\t<\/sr7-slide>\n\t\t\t\t\t\t<sr7-slide id=\"SR7_14_3-225\" data-key=\"225\">\n\t\t\t\t\t\t\t<sr7-bg id=\"SR7_14_3-225-15\" class=\"sr7-layer\"><noscript><img decoding=\"async\" src=\"https:\/\/montedoserrinho.propostas.pt\/wp-content\/uploads\/2026\/01\/Nicole-Ultan-by-Luis-Jorge-12-1.png\" alt=\"\" title=\"Nicole &#038; Ultan by Lui\u0301s Jorge (12) 1\"><\/noscript><\/sr7-bg>\n\t\t\t\t\t\t\t<sr7-txt id=\"SR7_14_3-225-0\" class=\"sr7-layer\">Sala do Piano<\/sr7-txt>\n\t\t\t\t\t\t\t<sr7-txt id=\"SR7_14_3-225-2\" class=\"sr7-layer\">Um espa\u00e7o interior acolhedor e elegante, ideal para festas noturnas, m\u00fasica e momentos de anima\u00e7\u00e3o.<\/sr7-txt>\n\t\t\t\t\t\t<\/sr7-slide>\n\t\t\t\t\t\t<sr7-slide id=\"SR7_14_3-226\" data-key=\"226\">\n\t\t\t\t\t\t\t<sr7-bg id=\"SR7_14_3-226-15\" class=\"sr7-layer\"><noscript><img decoding=\"async\" src=\"https:\/\/montedoserrinho.propostas.pt\/wp-content\/uploads\/2026\/01\/AmoremioWeddingPhotography_MDSerrinho_381-1.png\" alt=\"\" title=\"AmoremioWeddingPhotography_MDSerrinho_381 1\"><\/noscript><\/sr7-bg>\n\t\t\t\t\t\t\t<sr7-txt id=\"SR7_14_3-226-0\" class=\"sr7-layer\">Sala do Piano<\/sr7-txt>\n\t\t\t\t\t\t\t<sr7-txt id=\"SR7_14_3-226-2\" class=\"sr7-layer\">Um espa\u00e7o interior acolhedor e elegante, ideal para festas noturnas, m\u00fasica e momentos de anima\u00e7\u00e3o.<\/sr7-txt>\n\t\t\t\t\t\t<\/sr7-slide>\n\t\t\t\t\t\t<sr7-slide id=\"SR7_14_3-227\" data-key=\"227\">\n\t\t\t\t\t\t\t<sr7-bg id=\"SR7_14_3-227-15\" class=\"sr7-layer\"><noscript><img decoding=\"async\" src=\"https:\/\/montedoserrinho.propostas.pt\/wp-content\/uploads\/2026\/01\/Aisling-Stephen-by-Side-by-Side-123-1.png\" alt=\"\" title=\"Aisling &#038; Stephen by Side by Side (123) 1\"><\/noscript><\/sr7-bg>\n\t\t\t\t\t\t\t<sr7-txt id=\"SR7_14_3-227-0\" class=\"sr7-layer\">Sala do Piano<\/sr7-txt>\n\t\t\t\t\t\t\t<sr7-txt id=\"SR7_14_3-227-2\" class=\"sr7-layer\">Um espa\u00e7o interior acolhedor e elegante, ideal para festas noturnas, m\u00fasica e momentos de anima\u00e7\u00e3o.<\/sr7-txt>\n\t\t\t\t\t\t<\/sr7-slide>\n\t\t\t\t\t\t<sr7-slide id=\"SR7_14_3-228\" data-key=\"228\">\n\t\t\t\t\t\t\t<sr7-bg id=\"SR7_14_3-228-15\" class=\"sr7-layer\"><noscript><img decoding=\"async\" src=\"https:\/\/montedoserrinho.propostas.pt\/wp-content\/uploads\/2026\/01\/Danielle-Danny-by-Charlotte-Jane-15-1.png\" alt=\"\" title=\"Danielle &#038; Danny by Charlotte Jane (15) 1\"><\/noscript><\/sr7-bg>\n\t\t\t\t\t\t\t<sr7-txt id=\"SR7_14_3-228-0\" class=\"sr7-layer\">Sala do Piano<\/sr7-txt>\n\t\t\t\t\t\t\t<sr7-txt id=\"SR7_14_3-228-2\" class=\"sr7-layer\">Um espa\u00e7o interior acolhedor e elegante, ideal para festas noturnas, m\u00fasica e momentos de anima\u00e7\u00e3o.<\/sr7-txt>\n\t\t\t\t\t\t<\/sr7-slide>\n\t\t\t\t\t\t<sr7-slide id=\"SR7_14_3-229\" data-key=\"229\">\n\t\t\t\t\t\t<\/sr7-slide>\n\t\t\t\t\t<\/sr7-content>\n\t\t\t\t\t<image_lists style=\"display:none\">\n\t\t\t\t\t\t<img data-src=\"\/\/montedoserrinho.propostas.pt\/wp-content\/uploads\/2026\/01\/Frame-10.png\" data-libid=\"161\" data-lib=\"medialibrary\" title=\"Frame 10\" width=\"0\" height=\"0\" data-dbsrc=\"Ly9tb250ZWRvc2VycmluaG8ucHJvcG9zdGFzLnB0L3dwLWNvbnRlbnQvdXBsb2Fkcy8yMDI2LzAxL0ZyYW1lLTEwLnBuZw==\"\/>\n\t\t\t\t\t\t<img data-src=\"\/\/montedoserrinho.propostas.pt\/wp-content\/uploads\/2026\/01\/Frame-9.png\" data-libid=\"160\" data-lib=\"medialibrary\" title=\"Frame 9\" width=\"0\" height=\"0\" data-dbsrc=\"Ly9tb250ZWRvc2VycmluaG8ucHJvcG9zdGFzLnB0L3dwLWNvbnRlbnQvdXBsb2Fkcy8yMDI2LzAxL0ZyYW1lLTkucG5n\"\/>\n\t\t\t\t\t\t<img data-src=\"\/\/montedoserrinho.propostas.pt\/wp-content\/uploads\/2026\/01\/AmoremioWeddingPhotography_MDSerrinho_277-1.png\" data-libid=\"452\" data-lib=\"medialibrary\" title=\"AmoremioWeddingPhotography_MDSerrinho_277 1\" width=\"0\" height=\"0\" data-dbsrc=\"Ly9tb250ZWRvc2VycmluaG8ucHJvcG9zdGFzLnB0L3dwLWNvbnRlbnQvdXBsb2Fkcy8yMDI2LzAxL0Ftb3JlbWlvV2VkZGluZ1Bob3RvZ3JhcGh5X01EU2VycmluaG9fMjc3LTEucG5n\"\/>\n\t\t\t\t\t\t<img data-src=\"\/\/montedoserrinho.propostas.pt\/wp-content\/uploads\/2026\/01\/Alison-Cathal-by-Side-by-Side-135-2.png\" data-libid=\"453\" data-lib=\"medialibrary\" title=\"Alison &#038; Cathal by Side by Side (135) 2\" width=\"0\" height=\"0\" data-dbsrc=\"Ly9tb250ZWRvc2VycmluaG8ucHJvcG9zdGFzLnB0L3dwLWNvbnRlbnQvdXBsb2Fkcy8yMDI2LzAxL0FsaXNvbi1DYXRoYWwtYnktU2lkZS1ieS1TaWRlLTEzNS0yLnBuZw==\"\/>\n\t\t\t\t\t\t<img data-src=\"\/\/montedoserrinho.propostas.pt\/wp-content\/uploads\/2026\/01\/Ines-Marcelo-by-Sara-Fig-35-1.png\" data-libid=\"454\" data-lib=\"medialibrary\" title=\"Ine\u0302s &#038; Marcelo by Sara Fig (35) 1\" width=\"0\" height=\"0\" data-dbsrc=\"Ly9tb250ZWRvc2VycmluaG8ucHJvcG9zdGFzLnB0L3dwLWNvbnRlbnQvdXBsb2Fkcy8yMDI2LzAxL0luZXMtTWFyY2Vsby1ieS1TYXJhLUZpZy0zNS0xLnBuZw==\"\/>\n\t\t\t\t\t\t<img data-src=\"\/\/montedoserrinho.propostas.pt\/wp-content\/uploads\/2026\/01\/Ines-Marcelo-by-Sara-Fig-24-1.png\" data-libid=\"455\" data-lib=\"medialibrary\" title=\"Ine\u0302s &#038; Marcelo by Sara Fig (24) 1\" width=\"0\" height=\"0\" data-dbsrc=\"Ly9tb250ZWRvc2VycmluaG8ucHJvcG9zdGFzLnB0L3dwLWNvbnRlbnQvdXBsb2Fkcy8yMDI2LzAxL0luZXMtTWFyY2Vsby1ieS1TYXJhLUZpZy0yNC0xLnBuZw==\"\/>\n\t\t\t\t\t\t<img data-src=\"\/\/montedoserrinho.propostas.pt\/wp-content\/uploads\/2026\/01\/AmoremioWeddingPhotography_MDSerrinho_277-2.png\" data-libid=\"456\" data-lib=\"medialibrary\" title=\"AmoremioWeddingPhotography_MDSerrinho_277 2\" width=\"0\" height=\"0\" data-dbsrc=\"Ly9tb250ZWRvc2VycmluaG8ucHJvcG9zdGFzLnB0L3dwLWNvbnRlbnQvdXBsb2Fkcy8yMDI2LzAxL0Ftb3JlbWlvV2VkZGluZ1Bob3RvZ3JhcGh5X01EU2VycmluaG9fMjc3LTIucG5n\"\/>\n\t\t\t\t\t\t<img data-src=\"\/\/montedoserrinho.propostas.pt\/wp-content\/uploads\/2026\/01\/Ines-Marcelo-by-Sara-Fig-39-1.png\" data-libid=\"457\" data-lib=\"medialibrary\" title=\"Ine\u0302s &#038; Marcelo by Sara Fig (39) 1\" width=\"0\" height=\"0\" data-dbsrc=\"Ly9tb250ZWRvc2VycmluaG8ucHJvcG9zdGFzLnB0L3dwLWNvbnRlbnQvdXBsb2Fkcy8yMDI2LzAxL0luZXMtTWFyY2Vsby1ieS1TYXJhLUZpZy0zOS0xLnBuZw==\"\/>\n\t\t\t\t\t\t<img data-src=\"\/\/montedoserrinho.propostas.pt\/wp-content\/uploads\/2026\/01\/Nicole-Ultan-by-Luis-Jorge-12-1.png\" data-libid=\"458\" data-lib=\"medialibrary\" title=\"Nicole &#038; Ultan by Lui\u0301s Jorge (12) 1\" width=\"0\" height=\"0\" data-dbsrc=\"Ly9tb250ZWRvc2VycmluaG8ucHJvcG9zdGFzLnB0L3dwLWNvbnRlbnQvdXBsb2Fkcy8yMDI2LzAxL05pY29sZS1VbHRhbi1ieS1MdWlzLUpvcmdlLTEyLTEucG5n\"\/>\n\t\t\t\t\t\t<img data-src=\"\/\/montedoserrinho.propostas.pt\/wp-content\/uploads\/2026\/01\/AmoremioWeddingPhotography_MDSerrinho_381-1.png\" data-libid=\"459\" data-lib=\"medialibrary\" title=\"AmoremioWeddingPhotography_MDSerrinho_381 1\" width=\"0\" height=\"0\" data-dbsrc=\"Ly9tb250ZWRvc2VycmluaG8ucHJvcG9zdGFzLnB0L3dwLWNvbnRlbnQvdXBsb2Fkcy8yMDI2LzAxL0Ftb3JlbWlvV2VkZGluZ1Bob3RvZ3JhcGh5X01EU2VycmluaG9fMzgxLTEucG5n\"\/>\n\t\t\t\t\t\t<img data-src=\"\/\/montedoserrinho.propostas.pt\/wp-content\/uploads\/2026\/01\/Aisling-Stephen-by-Side-by-Side-123-1.png\" data-libid=\"460\" data-lib=\"medialibrary\" title=\"Aisling &#038; Stephen by Side by Side (123) 1\" width=\"0\" height=\"0\" data-dbsrc=\"Ly9tb250ZWRvc2VycmluaG8ucHJvcG9zdGFzLnB0L3dwLWNvbnRlbnQvdXBsb2Fkcy8yMDI2LzAxL0Fpc2xpbmctU3RlcGhlbi1ieS1TaWRlLWJ5LVNpZGUtMTIzLTEucG5n\"\/>\n\t\t\t\t\t\t<img data-src=\"\/\/montedoserrinho.propostas.pt\/wp-content\/uploads\/2026\/01\/Danielle-Danny-by-Charlotte-Jane-15-1.png\" data-libid=\"461\" data-lib=\"medialibrary\" title=\"Danielle &#038; Danny by Charlotte Jane (15) 1\" width=\"0\" height=\"0\" data-dbsrc=\"Ly9tb250ZWRvc2VycmluaG8ucHJvcG9zdGFzLnB0L3dwLWNvbnRlbnQvdXBsb2Fkcy8yMDI2LzAxL0RhbmllbGxlLURhbm55LWJ5LUNoYXJsb3R0ZS1KYW5lLTE1LTEucG5n\"\/>\n\t\t\t\t\t<\/image_lists>\n\t\t\t\t<\/sr7-module>\n\t\t\t\t<script>\n\t\t\t\t\tSR7.PMH ??={}; SR7.PMH[\"SR7_14_3\"] = {cn:100,state:false,fn: function() { if (_tpt!==undefined && _tpt.prepareModuleHeight !== undefined) {  _tpt.prepareModuleHeight({id:\"SR7_14_3\",el:[620,620,620,620,720],type:'standard',shdw:'0',gh:[620,620,620,620,720],gw:[1240,1240,1240,1240,480],vpt:['-100px&#039;,&#039;-100px&#039;,&#039;-100px&#039;,&#039;-100px&#039;,&#039;-100px'],size:{fullWidth:true, fullHeight:false},mh:'0',onh:0,onw:0,bg:{color:'{\"orig\":\"transparent\",\"type\":\"solid\",\"string\":\"transparent\"}'}});   SR7.PMH[\"SR7_14_3\"].state=true;} else if(SR7.PMH[\"SR7_14_3\"].cn-->0)\tsetTimeout( SR7.PMH[\"SR7_14_3\"].fn,19);}};SR7.PMH[\"SR7_14_3\" ].fn();\n\t\t\t\t<\/script>\n<\/div>\n\n\t\t\t\t\t\t<\/div>\n\t\t\t\t\t<\/div>\n\t\t\t\t<\/div>\n\t\t<div class=\"wd-negative-gap elementor-element elementor-element-2ab977c9 e-flex e-con-boxed e-con e-parent\" data-id=\"2ab977c9\" data-element_type=\"container\" data-e-type=\"container\" id=\"bar\">\n\t\t\t\t\t<div class=\"e-con-inner\">\n\t\t\t\t<div class=\"elementor-element elementor-element-358d33b wd-width-100 elementor-widget elementor-widget-wd_images_gallery\" data-id=\"358d33b\" data-element_type=\"widget\" data-e-type=\"widget\" data-widget_type=\"wd_images_gallery.default\">\n\t\t\t\t<div class=\"elementor-widget-container\">\n\t\t\t\t\t\t\t<div class=\"wd-images-gallery photoswipe-images wd-carousel-container\" style=\"--wd-align-items:center; --wd-justify-content:center;\">\n\t\t\t\t\t\t\t<div class=\"wd-carousel-inner\">\n\t\t\t\t\t\t<div class=\"wd-carousel wd-grid\" data-speed=\"5000\" data-wrap=\"yes\" data-autoplay=\"yes\" data-autoheight=\"yes\" data-scroll_per_page=\"yes\" style=\"--wd-col-lg:3;--wd-col-md:3;--wd-col-sm:1;--wd-gap-lg:0px;\">\n\t\t\t\t\t\t\t\t\t<div class=\"wd-carousel-wrap\">\n\t\t\t\t\t\t\t\t\t\t\t\t\t\t\t\t\t\t<div class=\"wd-gallery-item wd-carousel-item\">\n\t\t\t\t\t\t\t\t\t\t\t\t\t<a  href=\"https:\/\/montedoserrinho.com\/wp-content\/uploads\/2026\/02\/AmoremioWeddingPhotography_MDSerrinho_425-1.png\" data-width=\"691\" data-height=\"876\" data-index=\"1\" data-elementor-open-lightbox=\"no\">\n\t\t\t\t\t\t\n\t\t\t\t\t\t<img loading=\"lazy\" decoding=\"async\" width=\"500\" height=\"700\" src=\"https:\/\/montedoserrinho.com\/wp-content\/uploads\/2026\/02\/AmoremioWeddingPhotography_MDSerrinho_425-1-500x700.png\" class=\"attachment-500x700 size-500x700\" alt=\"AmoremioWeddingPhotography_MDSerrinho_425 1\" \/>\n\t\t\t\t\t\t\t\t\t\t\t\t\t<\/a>\n\t\t\t\t\t\t\t\t\t\t\t<\/div>\n\t\t\t\t\t\t\t\t\t\t\t\t\t\t\t<div class=\"wd-gallery-item wd-carousel-item\">\n\t\t\t\t\t\t\t\t\t\t\t\t\t<a  href=\"https:\/\/montedoserrinho.com\/wp-content\/uploads\/2026\/01\/Esme-Rowan-by-Charlotte-Jane-73-2.png\" data-width=\"584\" data-height=\"876\" data-index=\"2\" data-elementor-open-lightbox=\"no\">\n\t\t\t\t\t\t\n\t\t\t\t\t\t<img loading=\"lazy\" decoding=\"async\" width=\"500\" height=\"700\" src=\"https:\/\/montedoserrinho.com\/wp-content\/uploads\/2026\/01\/Esme-Rowan-by-Charlotte-Jane-73-2-500x700.png\" class=\"attachment-500x700 size-500x700\" alt=\"Esme &amp; Rowan by Charlotte Jane (73) 2\" \/>\n\t\t\t\t\t\t\t\t\t\t\t\t\t<\/a>\n\t\t\t\t\t\t\t\t\t\t\t<\/div>\n\t\t\t\t\t\t\t\t\t\t\t\t\t\t\t<div class=\"wd-gallery-item wd-carousel-item\">\n\t\t\t\t\t\t\t\t\t\t\t\t\t<a  href=\"https:\/\/montedoserrinho.com\/wp-content\/uploads\/2026\/01\/AmoremioWeddingPhotography_MDSerrinho_394-1.png\" data-width=\"673\" data-height=\"876\" data-index=\"3\" data-elementor-open-lightbox=\"no\">\n\t\t\t\t\t\t\n\t\t\t\t\t\t<img loading=\"lazy\" decoding=\"async\" width=\"500\" height=\"700\" src=\"https:\/\/montedoserrinho.com\/wp-content\/uploads\/2026\/01\/AmoremioWeddingPhotography_MDSerrinho_394-1-500x700.png\" class=\"attachment-500x700 size-500x700\" alt=\"AmoremioWeddingPhotography_MDSerrinho_394 1\" \/>\n\t\t\t\t\t\t\t\t\t\t\t\t\t<\/a>\n\t\t\t\t\t\t\t\t\t\t\t<\/div>\n\t\t\t\t\t\t\t\t\t\t\t\t\t\t\t<div class=\"wd-gallery-item wd-carousel-item\">\n\t\t\t\t\t\t\t\t\t\t\t\t\t<a  href=\"https:\/\/montedoserrinho.com\/wp-content\/uploads\/2026\/01\/Georgia-Jack-by-Amore-Mio-93-1.png\" data-width=\"538\" data-height=\"808\" data-index=\"4\" data-elementor-open-lightbox=\"no\">\n\t\t\t\t\t\t\n\t\t\t\t\t\t<img loading=\"lazy\" decoding=\"async\" width=\"500\" height=\"700\" src=\"https:\/\/montedoserrinho.com\/wp-content\/uploads\/2026\/01\/Georgia-Jack-by-Amore-Mio-93-1-500x700.png\" class=\"attachment-500x700 size-500x700\" alt=\"Georgia &amp; Jack by Amore Mio (93) 1\" \/>\n\t\t\t\t\t\t\t\t\t\t\t\t\t<\/a>\n\t\t\t\t\t\t\t\t\t\t\t<\/div>\n\t\t\t\t\t\t\t\t\t\t\t\t\t\t\t<div class=\"wd-gallery-item wd-carousel-item\">\n\t\t\t\t\t\t\t\t\t\t\t\t\t<a  href=\"https:\/\/montedoserrinho.com\/wp-content\/uploads\/2026\/01\/AmoremioWeddingPhotography_MDSerrinho_424-1.png\" data-width=\"808\" data-height=\"808\" data-index=\"5\" data-elementor-open-lightbox=\"no\">\n\t\t\t\t\t\t\n\t\t\t\t\t\t<img loading=\"lazy\" decoding=\"async\" width=\"500\" height=\"700\" src=\"https:\/\/montedoserrinho.com\/wp-content\/uploads\/2026\/01\/AmoremioWeddingPhotography_MDSerrinho_424-1-500x700.png\" class=\"attachment-500x700 size-500x700\" alt=\"AmoremioWeddingPhotography_MDSerrinho_424 1\" \/>\n\t\t\t\t\t\t\t\t\t\t\t\t\t<\/a>\n\t\t\t\t\t\t\t\t\t\t\t<\/div>\n\t\t\t\t\t\t\t\t\t\t\t\t\t\t\t<div class=\"wd-gallery-item wd-carousel-item\">\n\t\t\t\t\t\t\t\t\t\t\t\t\t<a  href=\"https:\/\/montedoserrinho.com\/wp-content\/uploads\/2026\/01\/AmoremioWeddingPhotography_MDSerrinho_425-2.png\" data-width=\"538\" data-height=\"808\" data-index=\"6\" data-elementor-open-lightbox=\"no\">\n\t\t\t\t\t\t\n\t\t\t\t\t\t<img loading=\"lazy\" decoding=\"async\" width=\"500\" height=\"700\" src=\"https:\/\/montedoserrinho.com\/wp-content\/uploads\/2026\/01\/AmoremioWeddingPhotography_MDSerrinho_425-2-500x700.png\" class=\"attachment-500x700 size-500x700\" alt=\"AmoremioWeddingPhotography_MDSerrinho_425 2\" \/>\n\t\t\t\t\t\t\t\t\t\t\t\t\t<\/a>\n\t\t\t\t\t\t\t\t\t\t\t<\/div>\n\t\t\t\t\t\t\t\t\t\t\t\t\t\t\t<div class=\"wd-gallery-item wd-carousel-item\">\n\t\t\t\t\t\t\t\t\t\t\t\t\t<a  href=\"https:\/\/montedoserrinho.com\/wp-content\/uploads\/2026\/01\/AmoremioWeddingPhotography_MDSerrinho_397-1.png\" data-width=\"658\" data-height=\"988\" data-index=\"7\" data-elementor-open-lightbox=\"no\">\n\t\t\t\t\t\t\n\t\t\t\t\t\t<img loading=\"lazy\" decoding=\"async\" width=\"500\" height=\"700\" src=\"https:\/\/montedoserrinho.com\/wp-content\/uploads\/2026\/01\/AmoremioWeddingPhotography_MDSerrinho_397-1-500x700.png\" class=\"attachment-500x700 size-500x700\" alt=\"AmoremioWeddingPhotography_MDSerrinho_397 1\" \/>\n\t\t\t\t\t\t\t\t\t\t\t\t\t<\/a>\n\t\t\t\t\t\t\t\t\t\t\t<\/div>\n\t\t\t\t\t\t\t\t\t\t\t\t\t\t\t<div class=\"wd-gallery-item wd-carousel-item\">\n\t\t\t\t\t\t\t\t\t\t\t\t\t<a  href=\"https:\/\/montedoserrinho.com\/wp-content\/uploads\/2026\/01\/AmoremioWeddingPhotography_MDSerrinho_3_015-1.png\" data-width=\"654\" data-height=\"982\" data-index=\"8\" data-elementor-open-lightbox=\"no\">\n\t\t\t\t\t\t\n\t\t\t\t\t\t<img loading=\"lazy\" decoding=\"async\" width=\"500\" height=\"700\" src=\"https:\/\/montedoserrinho.com\/wp-content\/uploads\/2026\/01\/AmoremioWeddingPhotography_MDSerrinho_3_015-1-500x700.png\" class=\"attachment-500x700 size-500x700\" alt=\"AmoremioWeddingPhotography_MDSerrinho_3_015 1\" \/>\n\t\t\t\t\t\t\t\t\t\t\t\t\t<\/a>\n\t\t\t\t\t\t\t\t\t\t\t<\/div>\n\t\t\t\t\t\t\t\t\t\t\t\t\t\t\t<div class=\"wd-gallery-item wd-carousel-item\">\n\t\t\t\t\t\t\t\t\t\t\t\t\t<a  href=\"https:\/\/montedoserrinho.com\/wp-content\/uploads\/2026\/01\/AmoremioWeddingPhotography_MDSerrinho_3_002-1.png\" data-width=\"654\" data-height=\"982\" data-index=\"9\" data-elementor-open-lightbox=\"no\">\n\t\t\t\t\t\t\n\t\t\t\t\t\t<img loading=\"lazy\" decoding=\"async\" width=\"500\" height=\"700\" src=\"https:\/\/montedoserrinho.com\/wp-content\/uploads\/2026\/01\/AmoremioWeddingPhotography_MDSerrinho_3_002-1-500x700.png\" class=\"attachment-500x700 size-500x700\" alt=\"AmoremioWeddingPhotography_MDSerrinho_3_002 1\" \/>\n\t\t\t\t\t\t\t\t\t\t\t\t\t<\/a>\n\t\t\t\t\t\t\t\t\t\t\t<\/div>\n\t\t\t\t\t\t\t\t\t\t\t\t\t\t\t<div class=\"wd-gallery-item wd-carousel-item\">\n\t\t\t\t\t\t\t\t\t\t\t\t\t<a  href=\"https:\/\/montedoserrinho.com\/wp-content\/uploads\/2026\/01\/AmoremioWeddingPhotography_MDSerrinho_3_081-1.png\" data-width=\"655\" data-height=\"982\" data-index=\"10\" data-elementor-open-lightbox=\"no\">\n\t\t\t\t\t\t\n\t\t\t\t\t\t<img loading=\"lazy\" decoding=\"async\" width=\"500\" height=\"700\" src=\"https:\/\/montedoserrinho.com\/wp-content\/uploads\/2026\/01\/AmoremioWeddingPhotography_MDSerrinho_3_081-1-500x700.png\" class=\"attachment-500x700 size-500x700\" alt=\"AmoremioWeddingPhotography_MDSerrinho_3_081 1\" \/>\n\t\t\t\t\t\t\t\t\t\t\t\t\t<\/a>\n\t\t\t\t\t\t\t\t\t\t\t<\/div>\n\t\t\t\t\t\t\t\t\t\t\t\t\t\t\t<div class=\"wd-gallery-item wd-carousel-item\">\n\t\t\t\t\t\t\t\t\t\t\t\t\t<a  href=\"https:\/\/montedoserrinho.com\/wp-content\/uploads\/2026\/01\/AmoremioWeddingPhotography_MDSerrinho_399-1.png\" data-width=\"659\" data-height=\"988\" data-index=\"11\" data-elementor-open-lightbox=\"no\">\n\t\t\t\t\t\t\n\t\t\t\t\t\t<img loading=\"lazy\" decoding=\"async\" width=\"500\" height=\"700\" src=\"https:\/\/montedoserrinho.com\/wp-content\/uploads\/2026\/01\/AmoremioWeddingPhotography_MDSerrinho_399-1-500x700.png\" class=\"attachment-500x700 size-500x700\" alt=\"AmoremioWeddingPhotography_MDSerrinho_399 1\" \/>\n\t\t\t\t\t\t\t\t\t\t\t\t\t<\/a>\n\t\t\t\t\t\t\t\t\t\t\t<\/div>\n\t\t\t\t\t\t\t\t\t\t\t\t\t\t\t<div class=\"wd-gallery-item wd-carousel-item\">\n\t\t\t\t\t\t\t\t\t\t\t\t\t<a  href=\"https:\/\/montedoserrinho.com\/wp-content\/uploads\/2026\/01\/AmoremioWeddingPhotography_MDSerrinho_401-1.png\" data-width=\"658\" data-height=\"988\" data-index=\"12\" data-elementor-open-lightbox=\"no\">\n\t\t\t\t\t\t\n\t\t\t\t\t\t<img loading=\"lazy\" decoding=\"async\" width=\"500\" height=\"700\" src=\"https:\/\/montedoserrinho.com\/wp-content\/uploads\/2026\/01\/AmoremioWeddingPhotography_MDSerrinho_401-1-500x700.png\" class=\"attachment-500x700 size-500x700\" alt=\"AmoremioWeddingPhotography_MDSerrinho_401 1\" \/>\n\t\t\t\t\t\t\t\t\t\t\t\t\t<\/a>\n\t\t\t\t\t\t\t\t\t\t\t<\/div>\n\t\t\t\t\t\t\t\t\t\t\t\t\t\t\t<div class=\"wd-gallery-item wd-carousel-item\">\n\t\t\t\t\t\t\t\t\t\t\t\t\t<a  href=\"https:\/\/montedoserrinho.com\/wp-content\/uploads\/2026\/01\/AmoremioWeddingPhotography_MDSerrinho_3_126-1.png\" data-width=\"682\" data-height=\"1022\" data-index=\"13\" data-elementor-open-lightbox=\"no\">\n\t\t\t\t\t\t\n\t\t\t\t\t\t<img loading=\"lazy\" decoding=\"async\" width=\"500\" height=\"700\" src=\"https:\/\/montedoserrinho.com\/wp-content\/uploads\/2026\/01\/AmoremioWeddingPhotography_MDSerrinho_3_126-1-500x700.png\" class=\"attachment-500x700 size-500x700\" alt=\"AmoremioWeddingPhotography_MDSerrinho_3_126 1\" \/>\n\t\t\t\t\t\t\t\t\t\t\t\t\t<\/a>\n\t\t\t\t\t\t\t\t\t\t\t<\/div>\n\t\t\t\t\t\t\t\t\t\t\t\t\t\t\t<div class=\"wd-gallery-item wd-carousel-item\">\n\t\t\t\t\t\t\t\t\t\t\t\t\t<a  href=\"https:\/\/montedoserrinho.com\/wp-content\/uploads\/2026\/01\/AmoremioWeddingPhotography_MDSerrinho_3_119-1.png\" data-width=\"682\" data-height=\"1022\" data-index=\"14\" data-elementor-open-lightbox=\"no\">\n\t\t\t\t\t\t\n\t\t\t\t\t\t<img loading=\"lazy\" decoding=\"async\" width=\"500\" height=\"700\" src=\"https:\/\/montedoserrinho.com\/wp-content\/uploads\/2026\/01\/AmoremioWeddingPhotography_MDSerrinho_3_119-1-500x700.png\" class=\"attachment-500x700 size-500x700\" alt=\"AmoremioWeddingPhotography_MDSerrinho_3_119 1\" \/>\n\t\t\t\t\t\t\t\t\t\t\t\t\t<\/a>\n\t\t\t\t\t\t\t\t\t\t\t<\/div>\n\t\t\t\t\t\t\t\t\t\t\t\t\t\t\t<div class=\"wd-gallery-item wd-carousel-item\">\n\t\t\t\t\t\t\t\t\t\t\t\t\t<a  href=\"https:\/\/montedoserrinho.com\/wp-content\/uploads\/2026\/01\/AmoremioWeddingPhotography_MDSerrinho_3_122-1.png\" data-width=\"682\" data-height=\"1022\" data-index=\"15\" data-elementor-open-lightbox=\"no\">\n\t\t\t\t\t\t\n\t\t\t\t\t\t<img loading=\"lazy\" decoding=\"async\" width=\"500\" height=\"700\" src=\"https:\/\/montedoserrinho.com\/wp-content\/uploads\/2026\/01\/AmoremioWeddingPhotography_MDSerrinho_3_122-1-500x700.png\" class=\"attachment-500x700 size-500x700\" alt=\"AmoremioWeddingPhotography_MDSerrinho_3_122 1\" \/>\n\t\t\t\t\t\t\t\t\t\t\t\t\t<\/a>\n\t\t\t\t\t\t\t\t\t\t\t<\/div>\n\t\t\t\t\t\t\t\t\t\t\t\t\t\t\t<div class=\"wd-gallery-item wd-carousel-item\">\n\t\t\t\t\t\t\t\t\t\t\t\t\t<a  href=\"https:\/\/montedoserrinho.com\/wp-content\/uploads\/2026\/01\/AmoremioWeddingPhotography_MDSerrinho_3_118-1.png\" data-width=\"642\" data-height=\"963\" data-index=\"16\" data-elementor-open-lightbox=\"no\">\n\t\t\t\t\t\t\n\t\t\t\t\t\t<img loading=\"lazy\" decoding=\"async\" width=\"500\" height=\"700\" src=\"https:\/\/montedoserrinho.com\/wp-content\/uploads\/2026\/01\/AmoremioWeddingPhotography_MDSerrinho_3_118-1-500x700.png\" class=\"attachment-500x700 size-500x700\" alt=\"AmoremioWeddingPhotography_MDSerrinho_3_118 1\" \/>\n\t\t\t\t\t\t\t\t\t\t\t\t\t<\/a>\n\t\t\t\t\t\t\t\t\t\t\t<\/div>\n\t\t\t\t\t\t\t\t\t\t\t\t\t\t\t<div class=\"wd-gallery-item wd-carousel-item\">\n\t\t\t\t\t\t\t\t\t\t\t\t\t<a  href=\"https:\/\/montedoserrinho.com\/wp-content\/uploads\/2026\/01\/AmoremioWeddingPhotography_MDSerrinho_3_107-1.png\" data-width=\"642\" data-height=\"963\" data-index=\"17\" data-elementor-open-lightbox=\"no\">\n\t\t\t\t\t\t\n\t\t\t\t\t\t<img loading=\"lazy\" decoding=\"async\" width=\"500\" height=\"700\" src=\"https:\/\/montedoserrinho.com\/wp-content\/uploads\/2026\/01\/AmoremioWeddingPhotography_MDSerrinho_3_107-1-500x700.png\" class=\"attachment-500x700 size-500x700\" alt=\"AmoremioWeddingPhotography_MDSerrinho_3_107 1\" \/>\n\t\t\t\t\t\t\t\t\t\t\t\t\t<\/a>\n\t\t\t\t\t\t\t\t\t\t\t<\/div>\n\t\t\t\t\t\t\t\t\t\t\t\t\t\t\t<div class=\"wd-gallery-item wd-carousel-item\">\n\t\t\t\t\t\t\t\t\t\t\t\t\t<a  href=\"https:\/\/montedoserrinho.com\/wp-content\/uploads\/2026\/01\/AmoremioWeddingPhotography_MDSerrinho_3_116-1.png\" data-width=\"642\" data-height=\"963\" data-index=\"18\" data-elementor-open-lightbox=\"no\">\n\t\t\t\t\t\t\n\t\t\t\t\t\t<img loading=\"lazy\" decoding=\"async\" width=\"500\" height=\"700\" src=\"https:\/\/montedoserrinho.com\/wp-content\/uploads\/2026\/01\/AmoremioWeddingPhotography_MDSerrinho_3_116-1-500x700.png\" class=\"attachment-500x700 size-500x700\" alt=\"AmoremioWeddingPhotography_MDSerrinho_3_116 1\" \/>\n\t\t\t\t\t\t\t\t\t\t\t\t\t<\/a>\n\t\t\t\t\t\t\t\t\t\t\t<\/div>\n\t\t\t\t\t\t\t\t\t\t\t\t\t\t\t\t<\/div>\n\t\t\t\t\t\t\t\t<\/div>\n\t\t\t\t\t\t\t\t\t\t\t\t\t\t<div class=\"wd-nav-arrows wd-pos-sep wd-hover-1 wd-icon-1\">\n\t\t\t<div class=\"wd-btn-arrow wd-prev wd-disabled\">\n\t\t\t\t<div class=\"wd-arrow-inner\"><\/div>\n\t\t\t<\/div>\n\t\t\t<div class=\"wd-btn-arrow wd-next\">\n\t\t\t\t<div class=\"wd-arrow-inner\"><\/div>\n\t\t\t<\/div>\n\t\t<\/div>\n\t\t\t\t\t\t\n\t\t\t\t<\/div>\n\n\t\t\t\t\t\t\t\t\t\t\t\t\t<\/div>\n\t\t\t\t\t\t<\/div>\n\t\t\t\t<\/div>\n\t\t\t\t\t<\/div>\n\t\t\t\t<\/div>\n\t\t<div class=\"wd-negative-gap elementor-element elementor-element-464773b4 e-flex e-con-boxed e-con e-parent\" data-id=\"464773b4\" data-element_type=\"container\" data-e-type=\"container\">\n\t\t\t\t\t<div class=\"e-con-inner\">\n\t\t<div class=\"elementor-element elementor-element-5163b051 e-con-full e-flex e-con e-child\" data-id=\"5163b051\" data-element_type=\"container\" data-e-type=\"container\">\n\t\t\t\t<div class=\"elementor-element elementor-element-152c29a6 text-center color-scheme-inherit elementor-widget elementor-widget-text-editor\" data-id=\"152c29a6\" data-element_type=\"widget\" data-e-type=\"widget\" data-widget_type=\"text-editor.default\">\n\t\t\t\t\t\t\t\t\t<p>Bar Serrinho<\/p>\t\t\t\t\t\t\t\t<\/div>\n\t\t\t\t<\/div>\n\t\t<div class=\"elementor-element elementor-element-41592393 e-con-full e-flex e-con e-child\" data-id=\"41592393\" data-element_type=\"container\" data-e-type=\"container\">\n\t\t\t\t<div class=\"elementor-element elementor-element-461fc89c color-scheme-inherit text-left elementor-widget elementor-widget-text-editor\" data-id=\"461fc89c\" data-element_type=\"widget\" data-e-type=\"widget\" data-widget_type=\"text-editor.default\">\n\t\t\t\t\t\t\t\t\t<p>Um espa\u00e7o dedicado a cocktails e momentos descontra\u00eddos, perfeito para brindar e prolongar a celebra\u00e7\u00e3o noite dentro.<\/p>\t\t\t\t\t\t\t\t<\/div>\n\t\t\t\t<\/div>\n\t\t\t\t\t<\/div>\n\t\t\t\t<\/div>\n\t\t<div class=\"wd-negative-gap elementor-element elementor-element-17de5d79 e-flex e-con-boxed elementor-invisible e-con e-parent\" data-id=\"17de5d79\" data-element_type=\"container\" data-e-type=\"container\" id=\"nuptial\" data-settings=\"{&quot;animation&quot;:&quot;fadeIn&quot;}\">\n\t\t\t\t\t<div class=\"e-con-inner\">\n\t\t\t\t<div class=\"elementor-element elementor-element-2f2f1ad9 elementor-widget elementor-widget-slider_revolution\" data-id=\"2f2f1ad9\" data-element_type=\"widget\" data-e-type=\"widget\" data-widget_type=\"slider_revolution.default\">\n\t\t\t\t\t\n\t\t<div class=\"wp-block-themepunch-revslider\">\n\t\t\t\t<p class=\"rs-p-wp-fix\"><\/p>\n\t\t\t\t<sr7-module data-alias=\"nupcial-11\" data-id=\"17\" id=\"SR7_17_4\" class=\"rs-ov-hidden\" data-version=\"6.7.41\">\n\t\t\t\t\t<sr7-adjuster><\/sr7-adjuster>\n\t\t\t\t\t<sr7-content>\n\t\t\t\t\t\t<sr7-slide id=\"SR7_17_4-248\" data-key=\"248\">\n\t\t\t\t\t\t\t<sr7-bg id=\"SR7_17_4-248-15\" class=\"sr7-layer\"><noscript><img decoding=\"async\" src=\"https:\/\/montedoserrinho.propostas.pt\/wp-content\/uploads\/2026\/01\/2-Mask%20group-9.png\" alt=\"\" title=\"Mask group-9\"><\/noscript><\/sr7-bg>\n\t\t\t\t\t\t\t<sr7-txt id=\"SR7_17_4-248-0\" class=\"sr7-layer\">Su\u00edte Nupcial<\/sr7-txt>\n\t\t\t\t\t\t\t<sr7-txt id=\"SR7_17_4-248-2\" class=\"sr7-layer\">A Su\u00edte Nupcial \u00e9 o seu espa\u00e7o privado para a m\u00e1gica contagem decrescente at\u00e9 ao t\u00e3o esperado \u2018Sim\u2019. Prepare-se rodeada de quem mais ama, saboreie cada pequeno ritual e, mais tarde, regresse para desfrutar dos primeiros instantes juntos como rec\u00e9m-casados.<\/sr7-txt>\n\t\t\t\t\t\t<\/sr7-slide>\n\t\t\t\t\t\t<sr7-slide id=\"SR7_17_4-249\" data-key=\"249\">\n\t\t\t\t\t\t\t<sr7-bg id=\"SR7_17_4-249-15\" class=\"sr7-layer\"><noscript><img decoding=\"async\" src=\"https:\/\/montedoserrinho.propostas.pt\/wp-content\/uploads\/2026\/01\/Mask-group-12.png\" alt=\"\" title=\"Mask group\"><\/noscript><\/sr7-bg>\n\t\t\t\t\t\t\t<sr7-txt id=\"SR7_17_4-249-0\" class=\"sr7-layer\">Su\u00edte Nupcial<\/sr7-txt>\n\t\t\t\t\t\t\t<sr7-txt id=\"SR7_17_4-249-2\" class=\"sr7-layer\">A Su\u00edte Nupcial \u00e9 o seu espa\u00e7o privado para a m\u00e1gica contagem decrescente at\u00e9 ao t\u00e3o esperado \u2018Sim\u2019. Prepare-se rodeada de quem mais ama, saboreie cada pequeno ritual e, mais tarde, regresse para desfrutar dos primeiros instantes juntos como rec\u00e9m-casados.<\/sr7-txt>\n\t\t\t\t\t\t<\/sr7-slide>\n\t\t\t\t\t\t<sr7-slide id=\"SR7_17_4-250\" data-key=\"250\">\n\t\t\t\t\t\t\t<sr7-bg id=\"SR7_17_4-250-15\" class=\"sr7-layer\"><noscript><img decoding=\"async\" src=\"https:\/\/montedoserrinho.propostas.pt\/wp-content\/uploads\/2026\/01\/Mask-group-3-2.png\" alt=\"\" title=\"Mask group-3\"><\/noscript><\/sr7-bg>\n\t\t\t\t\t\t\t<sr7-txt id=\"SR7_17_4-250-0\" class=\"sr7-layer\">Su\u00edte Nupcial<\/sr7-txt>\n\t\t\t\t\t\t\t<sr7-txt id=\"SR7_17_4-250-2\" class=\"sr7-layer\">A Su\u00edte Nupcial \u00e9 o seu espa\u00e7o privado para a m\u00e1gica contagem decrescente at\u00e9 ao t\u00e3o esperado \u2018Sim\u2019. Prepare-se rodeada de quem mais ama, saboreie cada pequeno ritual e, mais tarde, regresse para desfrutar dos primeiros instantes juntos como rec\u00e9m-casados.<\/sr7-txt>\n\t\t\t\t\t\t<\/sr7-slide>\n\t\t\t\t\t\t<sr7-slide id=\"SR7_17_4-251\" data-key=\"251\">\n\t\t\t\t\t\t\t<sr7-bg id=\"SR7_17_4-251-15\" class=\"sr7-layer\"><noscript><img decoding=\"async\" src=\"https:\/\/montedoserrinho.propostas.pt\/wp-content\/uploads\/2026\/01\/Mask-group-4-2.png\" alt=\"\" title=\"Mask group-4\"><\/noscript><\/sr7-bg>\n\t\t\t\t\t\t\t<sr7-txt id=\"SR7_17_4-251-0\" class=\"sr7-layer\">Su\u00edte Nupcial<\/sr7-txt>\n\t\t\t\t\t\t\t<sr7-txt id=\"SR7_17_4-251-2\" class=\"sr7-layer\">A Su\u00edte Nupcial \u00e9 o seu espa\u00e7o privado para a m\u00e1gica contagem decrescente at\u00e9 ao t\u00e3o esperado \u2018Sim\u2019. Prepare-se rodeada de quem mais ama, saboreie cada pequeno ritual e, mais tarde, regresse para desfrutar dos primeiros instantes juntos como rec\u00e9m-casados.<\/sr7-txt>\n\t\t\t\t\t\t<\/sr7-slide>\n\t\t\t\t\t\t<sr7-slide id=\"SR7_17_4-252\" data-key=\"252\">\n\t\t\t\t\t\t\t<sr7-bg id=\"SR7_17_4-252-15\" class=\"sr7-layer\"><noscript><img decoding=\"async\" src=\"https:\/\/montedoserrinho.propostas.pt\/wp-content\/uploads\/2026\/01\/Mask-group-5-1.png\" alt=\"\" title=\"Mask group-5\"><\/noscript><\/sr7-bg>\n\t\t\t\t\t\t\t<sr7-txt id=\"SR7_17_4-252-0\" class=\"sr7-layer\">Su\u00edte Nupcial<\/sr7-txt>\n\t\t\t\t\t\t\t<sr7-txt id=\"SR7_17_4-252-2\" class=\"sr7-layer\">A Su\u00edte Nupcial \u00e9 o seu espa\u00e7o privado para a m\u00e1gica contagem decrescente at\u00e9 ao t\u00e3o esperado \u2018Sim\u2019. Prepare-se rodeada de quem mais ama, saboreie cada pequeno ritual e, mais tarde, regresse para desfrutar dos primeiros instantes juntos como rec\u00e9m-casados.<\/sr7-txt>\n\t\t\t\t\t\t<\/sr7-slide>\n\t\t\t\t\t\t<sr7-slide id=\"SR7_17_4-253\" data-key=\"253\">\n\t\t\t\t\t\t\t<sr7-bg id=\"SR7_17_4-253-15\" class=\"sr7-layer\"><noscript><img decoding=\"async\" src=\"https:\/\/montedoserrinho.propostas.pt\/wp-content\/uploads\/2026\/01\/Mask-group-6-1.png\" alt=\"\" title=\"Mask group-6\"><\/noscript><\/sr7-bg>\n\t\t\t\t\t\t\t<sr7-txt id=\"SR7_17_4-253-0\" class=\"sr7-layer\">Su\u00edte Nupcial<\/sr7-txt>\n\t\t\t\t\t\t\t<sr7-txt id=\"SR7_17_4-253-2\" class=\"sr7-layer\">A Su\u00edte Nupcial \u00e9 o seu espa\u00e7o privado para a m\u00e1gica contagem decrescente at\u00e9 ao t\u00e3o esperado \u2018Sim\u2019. Prepare-se rodeada de quem mais ama, saboreie cada pequeno ritual e, mais tarde, regresse para desfrutar dos primeiros instantes juntos como rec\u00e9m-casados.<\/sr7-txt>\n\t\t\t\t\t\t<\/sr7-slide>\n\t\t\t\t\t\t<sr7-slide id=\"SR7_17_4-254\" data-key=\"254\">\n\t\t\t\t\t\t\t<sr7-bg id=\"SR7_17_4-254-15\" class=\"sr7-layer\"><noscript><img decoding=\"async\" src=\"https:\/\/montedoserrinho.propostas.pt\/wp-content\/uploads\/2026\/01\/Mask-group-7-1.png\" alt=\"\" title=\"Mask group-7\"><\/noscript><\/sr7-bg>\n\t\t\t\t\t\t\t<sr7-txt id=\"SR7_17_4-254-0\" class=\"sr7-layer\">Su\u00edte Nupcial<\/sr7-txt>\n\t\t\t\t\t\t\t<sr7-txt id=\"SR7_17_4-254-2\" class=\"sr7-layer\">A Su\u00edte Nupcial \u00e9 o seu espa\u00e7o privado para a m\u00e1gica contagem decrescente at\u00e9 ao t\u00e3o esperado \u2018Sim\u2019. Prepare-se rodeada de quem mais ama, saboreie cada pequeno ritual e, mais tarde, regresse para desfrutar dos primeiros instantes juntos como rec\u00e9m-casados.<\/sr7-txt>\n\t\t\t\t\t\t<\/sr7-slide>\n\t\t\t\t\t\t<sr7-slide id=\"SR7_17_4-255\" data-key=\"255\">\n\t\t\t\t\t\t\t<sr7-bg id=\"SR7_17_4-255-15\" class=\"sr7-layer\"><noscript><img decoding=\"async\" src=\"https:\/\/montedoserrinho.propostas.pt\/wp-content\/uploads\/2026\/01\/Mask-group-8-1.png\" alt=\"\" title=\"Mask group-8\"><\/noscript><\/sr7-bg>\n\t\t\t\t\t\t\t<sr7-txt id=\"SR7_17_4-255-0\" class=\"sr7-layer\">Su\u00edte Nupcial<\/sr7-txt>\n\t\t\t\t\t\t\t<sr7-txt id=\"SR7_17_4-255-2\" class=\"sr7-layer\">A Su\u00edte Nupcial \u00e9 o seu espa\u00e7o privado para a m\u00e1gica contagem decrescente at\u00e9 ao t\u00e3o esperado \u2018Sim\u2019. Prepare-se rodeada de quem mais ama, saboreie cada pequeno ritual e, mais tarde, regresse para desfrutar dos primeiros instantes juntos como rec\u00e9m-casados.<\/sr7-txt>\n\t\t\t\t\t\t<\/sr7-slide>\n\t\t\t\t\t\t<sr7-slide id=\"SR7_17_4-256\" data-key=\"256\">\n\t\t\t\t\t\t\t<sr7-bg id=\"SR7_17_4-256-15\" class=\"sr7-layer\"><noscript><img decoding=\"async\" src=\"https:\/\/montedoserrinho.propostas.pt\/wp-content\/uploads\/2026\/01\/Mask-group-2-2.png\" alt=\"\" title=\"Mask group-2\"><\/noscript><\/sr7-bg>\n\t\t\t\t\t\t\t<sr7-txt id=\"SR7_17_4-256-0\" class=\"sr7-layer\">Su\u00edte Nupcial<\/sr7-txt>\n\t\t\t\t\t\t\t<sr7-txt id=\"SR7_17_4-256-2\" class=\"sr7-layer\">A Su\u00edte Nupcial \u00e9 o seu espa\u00e7o privado para a m\u00e1gica contagem decrescente at\u00e9 ao t\u00e3o esperado \u2018Sim\u2019. Prepare-se rodeada de quem mais ama, saboreie cada pequeno ritual e, mais tarde, regresse para desfrutar dos primeiros instantes juntos como rec\u00e9m-casados.<\/sr7-txt>\n\t\t\t\t\t\t<\/sr7-slide>\n\t\t\t\t\t\t<sr7-slide id=\"SR7_17_4-257\" data-key=\"257\">\n\t\t\t\t\t\t\t<sr7-bg id=\"SR7_17_4-257-15\" class=\"sr7-layer\"><noscript><img decoding=\"async\" src=\"https:\/\/montedoserrinho.propostas.pt\/wp-content\/uploads\/2026\/01\/Mask-group-1-3.png\" alt=\"\" title=\"Mask group-1\"><\/noscript><\/sr7-bg>\n\t\t\t\t\t\t\t<sr7-txt id=\"SR7_17_4-257-0\" class=\"sr7-layer\">Su\u00edte Nupcial<\/sr7-txt>\n\t\t\t\t\t\t\t<sr7-txt id=\"SR7_17_4-257-2\" class=\"sr7-layer\">A Su\u00edte Nupcial \u00e9 o seu espa\u00e7o privado para a m\u00e1gica contagem decrescente at\u00e9 ao t\u00e3o esperado \u2018Sim\u2019. Prepare-se rodeada de quem mais ama, saboreie cada pequeno ritual e, mais tarde, regresse para desfrutar dos primeiros instantes juntos como rec\u00e9m-casados.<\/sr7-txt>\n\t\t\t\t\t\t<\/sr7-slide>\n\t\t\t\t\t\t<sr7-slide id=\"SR7_17_4-258\" data-key=\"258\">\n\t\t\t\t\t\t<\/sr7-slide>\n\t\t\t\t\t<\/sr7-content>\n\t\t\t\t\t<image_lists style=\"display:none\">\n\t\t\t\t\t\t<img data-src=\"\/\/montedoserrinho.propostas.pt\/wp-content\/uploads\/2026\/01\/Frame-10.png\" data-libid=\"161\" data-lib=\"medialibrary\" title=\"Frame 10\" width=\"0\" height=\"0\" data-dbsrc=\"Ly9tb250ZWRvc2VycmluaG8ucHJvcG9zdGFzLnB0L3dwLWNvbnRlbnQvdXBsb2Fkcy8yMDI2LzAxL0ZyYW1lLTEwLnBuZw==\"\/>\n\t\t\t\t\t\t<img data-src=\"\/\/montedoserrinho.propostas.pt\/wp-content\/uploads\/2026\/01\/Frame-9.png\" data-libid=\"160\" data-lib=\"medialibrary\" title=\"Frame 9\" width=\"0\" height=\"0\" data-dbsrc=\"Ly9tb250ZWRvc2VycmluaG8ucHJvcG9zdGFzLnB0L3dwLWNvbnRlbnQvdXBsb2Fkcy8yMDI2LzAxL0ZyYW1lLTkucG5n\"\/>\n\t\t\t\t\t\t<img data-src=\"\/\/montedoserrinho.propostas.pt\/wp-content\/uploads\/2026\/01\/2-Mask%20group-9.png\" data-libid=\"489\" data-lib=\"medialibrary\" title=\"Mask group-9\" width=\"0\" height=\"0\" data-dbsrc=\"Ly9tb250ZWRvc2VycmluaG8ucHJvcG9zdGFzLnB0L3dwLWNvbnRlbnQvdXBsb2Fkcy8yMDI2LzAxLzItTWFzayUyMGdyb3VwLTkucG5n\"\/>\n\t\t\t\t\t\t<img data-src=\"\/\/montedoserrinho.propostas.pt\/wp-content\/uploads\/2026\/01\/Mask-group-12.png\" data-libid=\"490\" data-lib=\"medialibrary\" title=\"Mask group\" width=\"0\" height=\"0\" data-dbsrc=\"Ly9tb250ZWRvc2VycmluaG8ucHJvcG9zdGFzLnB0L3dwLWNvbnRlbnQvdXBsb2Fkcy8yMDI2LzAxL01hc2stZ3JvdXAtMTIucG5n\"\/>\n\t\t\t\t\t\t<img data-src=\"\/\/montedoserrinho.propostas.pt\/wp-content\/uploads\/2026\/01\/Mask-group-3-2.png\" data-libid=\"491\" data-lib=\"medialibrary\" title=\"Mask group-3\" width=\"0\" height=\"0\" data-dbsrc=\"Ly9tb250ZWRvc2VycmluaG8ucHJvcG9zdGFzLnB0L3dwLWNvbnRlbnQvdXBsb2Fkcy8yMDI2LzAxL01hc2stZ3JvdXAtMy0yLnBuZw==\"\/>\n\t\t\t\t\t\t<img data-src=\"\/\/montedoserrinho.propostas.pt\/wp-content\/uploads\/2026\/01\/Mask-group-4-2.png\" data-libid=\"493\" data-lib=\"medialibrary\" title=\"Mask group-4\" width=\"0\" height=\"0\" data-dbsrc=\"Ly9tb250ZWRvc2VycmluaG8ucHJvcG9zdGFzLnB0L3dwLWNvbnRlbnQvdXBsb2Fkcy8yMDI2LzAxL01hc2stZ3JvdXAtNC0yLnBuZw==\"\/>\n\t\t\t\t\t\t<img data-src=\"\/\/montedoserrinho.propostas.pt\/wp-content\/uploads\/2026\/01\/Mask-group-5-1.png\" data-libid=\"492\" data-lib=\"medialibrary\" title=\"Mask group-5\" width=\"0\" height=\"0\" data-dbsrc=\"Ly9tb250ZWRvc2VycmluaG8ucHJvcG9zdGFzLnB0L3dwLWNvbnRlbnQvdXBsb2Fkcy8yMDI2LzAxL01hc2stZ3JvdXAtNS0xLnBuZw==\"\/>\n\t\t\t\t\t\t<img data-src=\"\/\/montedoserrinho.propostas.pt\/wp-content\/uploads\/2026\/01\/Mask-group-6-1.png\" data-libid=\"494\" data-lib=\"medialibrary\" title=\"Mask group-6\" width=\"0\" height=\"0\" data-dbsrc=\"Ly9tb250ZWRvc2VycmluaG8ucHJvcG9zdGFzLnB0L3dwLWNvbnRlbnQvdXBsb2Fkcy8yMDI2LzAxL01hc2stZ3JvdXAtNi0xLnBuZw==\"\/>\n\t\t\t\t\t\t<img data-src=\"\/\/montedoserrinho.propostas.pt\/wp-content\/uploads\/2026\/01\/Mask-group-7-1.png\" data-libid=\"495\" data-lib=\"medialibrary\" title=\"Mask group-7\" width=\"0\" height=\"0\" data-dbsrc=\"Ly9tb250ZWRvc2VycmluaG8ucHJvcG9zdGFzLnB0L3dwLWNvbnRlbnQvdXBsb2Fkcy8yMDI2LzAxL01hc2stZ3JvdXAtNy0xLnBuZw==\"\/>\n\t\t\t\t\t\t<img data-src=\"\/\/montedoserrinho.propostas.pt\/wp-content\/uploads\/2026\/01\/Mask-group-8-1.png\" data-libid=\"496\" data-lib=\"medialibrary\" title=\"Mask group-8\" width=\"0\" height=\"0\" data-dbsrc=\"Ly9tb250ZWRvc2VycmluaG8ucHJvcG9zdGFzLnB0L3dwLWNvbnRlbnQvdXBsb2Fkcy8yMDI2LzAxL01hc2stZ3JvdXAtOC0xLnBuZw==\"\/>\n\t\t\t\t\t\t<img data-src=\"\/\/montedoserrinho.propostas.pt\/wp-content\/uploads\/2026\/01\/Mask-group-2-2.png\" data-libid=\"497\" data-lib=\"medialibrary\" title=\"Mask group-2\" width=\"0\" height=\"0\" data-dbsrc=\"Ly9tb250ZWRvc2VycmluaG8ucHJvcG9zdGFzLnB0L3dwLWNvbnRlbnQvdXBsb2Fkcy8yMDI2LzAxL01hc2stZ3JvdXAtMi0yLnBuZw==\"\/>\n\t\t\t\t\t\t<img data-src=\"\/\/montedoserrinho.propostas.pt\/wp-content\/uploads\/2026\/01\/Mask-group-1-3.png\" data-libid=\"498\" data-lib=\"medialibrary\" title=\"Mask group-1\" width=\"0\" height=\"0\" data-dbsrc=\"Ly9tb250ZWRvc2VycmluaG8ucHJvcG9zdGFzLnB0L3dwLWNvbnRlbnQvdXBsb2Fkcy8yMDI2LzAxL01hc2stZ3JvdXAtMS0zLnBuZw==\"\/>\n\t\t\t\t\t<\/image_lists>\n\t\t\t\t<\/sr7-module>\n\t\t\t\t<script>\n\t\t\t\t\tSR7.PMH ??={}; SR7.PMH[\"SR7_17_4\"] = {cn:100,state:false,fn: function() { if (_tpt!==undefined && _tpt.prepareModuleHeight !== undefined) {  _tpt.prepareModuleHeight({id:\"SR7_17_4\",el:[620,620,620,620,720],type:'standard',shdw:'0',gh:[620,620,620,620,720],gw:[1240,1240,1240,1240,480],vpt:['-100px&#039;,&#039;-100px&#039;,&#039;-100px&#039;,&#039;-100px&#039;,&#039;-100px'],size:{fullWidth:true, fullHeight:false},mh:'0',onh:0,onw:0,bg:{color:'{\"orig\":\"transparent\",\"type\":\"solid\",\"string\":\"transparent\"}'}});   SR7.PMH[\"SR7_17_4\"].state=true;} else if(SR7.PMH[\"SR7_17_4\"].cn-->0)\tsetTimeout( SR7.PMH[\"SR7_17_4\"].fn,19);}};SR7.PMH[\"SR7_17_4\" ].fn();\n\t\t\t\t<\/script>\n<\/div>\n\n\t\t\t\t\t\t<\/div>\n\t\t\t\t\t<\/div>\n\t\t\t\t<\/div>\n\t\t<div class=\"wd-negative-gap elementor-element elementor-element-38fbc10f e-flex e-con-boxed e-con e-parent\" data-id=\"38fbc10f\" data-element_type=\"container\" data-e-type=\"container\">\n\t\t\t\t\t<div class=\"e-con-inner\">\n\t\t<div class=\"elementor-element elementor-element-2f54b1ae e-con-full e-flex e-con e-child\" data-id=\"2f54b1ae\" data-element_type=\"container\" data-e-type=\"container\">\n\t\t\t\t<div class=\"elementor-element elementor-element-53dadd45 elementor-widget elementor-widget-wd_banner\" data-id=\"53dadd45\" data-element_type=\"widget\" data-e-type=\"widget\" data-widget_type=\"wd_banner.default\">\n\t\t\t\t<div class=\"elementor-widget-container\">\n\t\t\t\t\t\t\t<div class=\"promo-banner-wrapper\">\n\t\t\t<div class=\"promo-banner banner-content-background banner-hover-none color-scheme- banner-btn-size-default banner-btn-style-default with-btn banner-btn-position-static wd-with-link\">\n\t\t\t\t<div class=\"main-wrapp-img\">\n\t\t\t\t\t<div class=\"banner-image wd-without-height\">\n\t\t\t\t\t\t\t\t\t\t\t\t\t\t\t\t\t\t\t\t\t\t\t\t\t\t\t\t\t\t\t\t\t\t\t\t\t\t\t<\/div>\n\t\t\t\t<\/div>\n\n\t\t\t\t<div class=\"wrapper-content-banner wd-fill wd-items-bottom wd-justify-left\">\n\t\t\t\t\t<div class=\"content-banner  text-center\">\n\t\t\t\t\t\t\n\t\t\t\t\t\t\t\t\t\t\t\t\t<h4 class=\"banner-title wd-fontsize-l\" data-elementor-setting-key=\"title\">\n\t\t\t\t\t\t\t\tVirtual Tour\t\t\t\t\t\t\t<\/h4>\n\t\t\t\t\t\t\n\t\t\t\t\t\t\n\t\t\t\t\t\t\n\t\t\t\t\t\t\t\t\t\t\t\t\t<div class=\"banner-btn-wrapper\">\n\t\t\t\t\t\t\t\t\t\t<div class=\"wd-button-wrapper text-center\" >\n\t\t\t<a class=\"btn btn-style-default btn-shape-rectangle btn-size-default btn-icon-pos-right\"  href=\"https:\/\/virtualvenues.pt\/MonteSerrinho\/0523_792\/index.htm\">\n\t\t\t\t<span class=\"wd-btn-text\" data-elementor-setting-key=\"text\">\n\t\t\t\t\tVER VISITA VIRTUAL\t\t\t\t<\/span>\n\n\t\t\t\t\t\t\t<\/a>\n\t\t<\/div>\n\t\t\t\t\t\t\t\t\t<\/div>\n\t\t\t\t\t\t\t\t\t\t\t<\/div>\n\t\t\t\t<\/div>\n\n\t\t\t\t\t\t\t\t\t<a href=\"https:\/\/virtualvenues.pt\/MonteSerrinho\/0523_792\/index.htm\" class=\"wd-promo-banner-link wd-fill\" aria-label=\"Banner link\"><\/a>\n\t\t\t\t\t\t\t<\/div>\n\t\t<\/div>\n\t\t\t\t\t\t<\/div>\n\t\t\t\t<\/div>\n\t\t\t\t<\/div>\n\t\t<div class=\"elementor-element elementor-element-3aa80ee0 e-con-full e-flex e-con e-child\" data-id=\"3aa80ee0\" data-element_type=\"container\" data-e-type=\"container\">\n\t\t\t\t<div class=\"elementor-element elementor-element-4b40ecee elementor-widget elementor-widget-wd_banner\" data-id=\"4b40ecee\" data-element_type=\"widget\" data-e-type=\"widget\" data-widget_type=\"wd_banner.default\">\n\t\t\t\t<div class=\"elementor-widget-container\">\n\t\t\t\t\t\t\t<div class=\"promo-banner-wrapper\">\n\t\t\t<div class=\"promo-banner banner-content-background banner-hover-none color-scheme- banner-btn-size-default banner-btn-style-default with-btn banner-btn-position-static wd-with-link\">\n\t\t\t\t<div class=\"main-wrapp-img\">\n\t\t\t\t\t<div class=\"banner-image wd-without-height\">\n\t\t\t\t\t\t\t\t\t\t\t\t\t\t\t\t\t\t\t\t\t\t\t\t\t\t\t\t\t\t\t\t\t\t\t\t\t\t\t<\/div>\n\t\t\t\t<\/div>\n\n\t\t\t\t<div class=\"wrapper-content-banner wd-fill wd-items-bottom wd-justify-left\">\n\t\t\t\t\t<div class=\"content-banner  text-center\">\n\t\t\t\t\t\t\n\t\t\t\t\t\t\t\t\t\t\t\t\t<h4 class=\"banner-title wd-fontsize-l\" data-elementor-setting-key=\"title\">\n\t\t\t\t\t\t\t\tPedido de Reuni\u00e3o\t\t\t\t\t\t\t<\/h4>\n\t\t\t\t\t\t\n\t\t\t\t\t\t\n\t\t\t\t\t\t\n\t\t\t\t\t\t\t\t\t\t\t\t\t<div class=\"banner-btn-wrapper\">\n\t\t\t\t\t\t\t\t\t\t<div class=\"wd-button-wrapper text-center\" >\n\t\t\t<a class=\"btn btn-style-default btn-shape-rectangle btn-size-default btn-icon-pos-right\"  href=\"https:\/\/montedoserrinho.com\/pt-pt\/contacts\/\">\n\t\t\t\t<span class=\"wd-btn-text\" data-elementor-setting-key=\"text\">\n\t\t\t\t\tCONTACTAR AGORA\t\t\t\t<\/span>\n\n\t\t\t\t\t\t\t<\/a>\n\t\t<\/div>\n\t\t\t\t\t\t\t\t\t<\/div>\n\t\t\t\t\t\t\t\t\t\t\t<\/div>\n\t\t\t\t<\/div>\n\n\t\t\t\t\t\t\t\t\t<a href=\"https:\/\/montedoserrinho.com\/pt-pt\/contacts\/\" class=\"wd-promo-banner-link wd-fill\" aria-label=\"Banner link\"><\/a>\n\t\t\t\t\t\t\t<\/div>\n\t\t<\/div>\n\t\t\t\t\t\t<\/div>\n\t\t\t\t<\/div>\n\t\t\t\t<\/div>\n\t\t\t\t\t<\/div>\n\t\t\t\t<\/div>\n\t\t\t\t<\/div>\n\t\t","protected":false},"excerpt":{"rendered":"<p>O Nosso Espa\u00e7o para Casamentos O Monte do Serrinho Country House, situado perto da hist\u00f3rica vila de Silves, foi cuidadosamente<\/p>\n","protected":false},"author":1,"featured_media":0,"parent":0,"menu_order":0,"comment_status":"closed","ping_status":"closed","template":"","meta":{"footnotes":""},"class_list":["post-2709","page","type-page","status-publish","hentry"],"yoast_head":"<!-- This site is optimized with the Yoast SEO plugin v27.3 - https:\/\/yoast.com\/product\/yoast-seo-wordpress\/ -->\n<title>A Quinta | Espa\u00e7o para Casamentos no Algarve - Monte do Serrinho<\/title>\n<meta name=\"description\" content=\"Descubra o Monte do Serrinho, uma quinta portuguesa situada no campo algarvio, em S\u00e3o Bartolomeu de Messines, ideal para casamentos memor\u00e1veis.\" \/>\n<meta name=\"robots\" content=\"index, follow, max-snippet:-1, max-image-preview:large, max-video-preview:-1\" \/>\n<link rel=\"canonical\" href=\"https:\/\/montedoserrinho.com\/our-venue\/\" \/>\n<meta property=\"og:locale\" content=\"pt_PT\" \/>\n<meta property=\"og:type\" content=\"article\" \/>\n<meta property=\"og:title\" content=\"A Quinta | Espa\u00e7o para Casamentos no Algarve - Monte do Serrinho\" \/>\n<meta property=\"og:description\" content=\"Descubra o Monte do Serrinho, uma quinta portuguesa situada no campo algarvio, em S\u00e3o Bartolomeu de Messines, ideal para casamentos memor\u00e1veis.\" \/>\n<meta property=\"og:url\" content=\"https:\/\/montedoserrinho.com\/our-venue\/\" \/>\n<meta property=\"og:site_name\" content=\"Monte do Serrinho\" \/>\n<meta property=\"article:modified_time\" content=\"2026-02-27T10:53:35+00:00\" \/>\n<meta property=\"og:image\" content=\"https:\/\/montedoserrinho.com\/wp-content\/uploads\/2026\/01\/Mask-group-2-1.png\" \/>\n\t<meta property=\"og:image:width\" content=\"403\" \/>\n\t<meta property=\"og:image:height\" content=\"418\" \/>\n\t<meta property=\"og:image:type\" content=\"image\/png\" \/>\n<meta name=\"twitter:card\" content=\"summary_large_image\" \/>\n<meta name=\"twitter:label1\" content=\"Tempo estimado de leitura\" \/>\n\t<meta name=\"twitter:data1\" content=\"10 minutos\" \/>\n<script type=\"application\/ld+json\" class=\"yoast-schema-graph\">{\"@context\":\"https:\\\/\\\/schema.org\",\"@graph\":[{\"@type\":\"WebPage\",\"@id\":\"https:\\\/\\\/montedoserrinho.com\\\/our-venue\\\/\",\"url\":\"https:\\\/\\\/montedoserrinho.com\\\/our-venue\\\/\",\"name\":\"A Quinta | Espa\u00e7o para Casamentos no Algarve - Monte do Serrinho\",\"isPartOf\":{\"@id\":\"https:\\\/\\\/montedoserrinho.com\\\/#website\"},\"primaryImageOfPage\":{\"@id\":\"https:\\\/\\\/montedoserrinho.com\\\/our-venue\\\/#primaryimage\"},\"image\":{\"@id\":\"https:\\\/\\\/montedoserrinho.com\\\/our-venue\\\/#primaryimage\"},\"thumbnailUrl\":\"https:\\\/\\\/montedoserrinho.com\\\/wp-content\\\/uploads\\\/2026\\\/01\\\/Mask-group-2-1.png\",\"datePublished\":\"2026-01-21T14:28:22+00:00\",\"dateModified\":\"2026-02-27T10:53:35+00:00\",\"description\":\"Descubra o Monte do Serrinho, uma quinta portuguesa situada no campo algarvio, em S\u00e3o Bartolomeu de Messines, ideal para casamentos memor\u00e1veis.\",\"breadcrumb\":{\"@id\":\"https:\\\/\\\/montedoserrinho.com\\\/our-venue\\\/#breadcrumb\"},\"inLanguage\":\"pt-PT\",\"potentialAction\":[{\"@type\":\"ReadAction\",\"target\":[\"https:\\\/\\\/montedoserrinho.com\\\/our-venue\\\/\"]}]},{\"@type\":\"ImageObject\",\"inLanguage\":\"pt-PT\",\"@id\":\"https:\\\/\\\/montedoserrinho.com\\\/our-venue\\\/#primaryimage\",\"url\":\"https:\\\/\\\/montedoserrinho.com\\\/wp-content\\\/uploads\\\/2026\\\/01\\\/Mask-group-2-1.png\",\"contentUrl\":\"https:\\\/\\\/montedoserrinho.com\\\/wp-content\\\/uploads\\\/2026\\\/01\\\/Mask-group-2-1.png\"},{\"@type\":\"BreadcrumbList\",\"@id\":\"https:\\\/\\\/montedoserrinho.com\\\/our-venue\\\/#breadcrumb\",\"itemListElement\":[{\"@type\":\"ListItem\",\"position\":1,\"name\":\"Home\",\"item\":\"https:\\\/\\\/montedoserrinho.com\\\/pt-pt\\\/\"},{\"@type\":\"ListItem\",\"position\":2,\"name\":\"A Quinta | Espa\u00e7o para Casamentos no Algarve\"}]},{\"@type\":\"WebSite\",\"@id\":\"https:\\\/\\\/montedoserrinho.com\\\/#website\",\"url\":\"https:\\\/\\\/montedoserrinho.com\\\/\",\"name\":\"Monte do Serrinho\",\"description\":\"Country House\",\"potentialAction\":[{\"@type\":\"SearchAction\",\"target\":{\"@type\":\"EntryPoint\",\"urlTemplate\":\"https:\\\/\\\/montedoserrinho.com\\\/?s={search_term_string}\"},\"query-input\":{\"@type\":\"PropertyValueSpecification\",\"valueRequired\":true,\"valueName\":\"search_term_string\"}}],\"inLanguage\":\"pt-PT\"}]}<\/script>\n<!-- \/ Yoast SEO plugin. -->","yoast_head_json":{"title":"A Quinta | Espa\u00e7o para Casamentos no Algarve - Monte do Serrinho","description":"Descubra o Monte do Serrinho, uma quinta portuguesa situada no campo algarvio, em S\u00e3o Bartolomeu de Messines, ideal para casamentos memor\u00e1veis.","robots":{"index":"index","follow":"follow","max-snippet":"max-snippet:-1","max-image-preview":"max-image-preview:large","max-video-preview":"max-video-preview:-1"},"canonical":"https:\/\/montedoserrinho.com\/our-venue\/","og_locale":"pt_PT","og_type":"article","og_title":"A Quinta | Espa\u00e7o para Casamentos no Algarve - Monte do Serrinho","og_description":"Descubra o Monte do Serrinho, uma quinta portuguesa situada no campo algarvio, em S\u00e3o Bartolomeu de Messines, ideal para casamentos memor\u00e1veis.","og_url":"https:\/\/montedoserrinho.com\/our-venue\/","og_site_name":"Monte do Serrinho","article_modified_time":"2026-02-27T10:53:35+00:00","og_image":[{"width":403,"height":418,"url":"https:\/\/montedoserrinho.com\/wp-content\/uploads\/2026\/01\/Mask-group-2-1.png","type":"image\/png"}],"twitter_card":"summary_large_image","twitter_misc":{"Tempo estimado de leitura":"10 minutos"},"schema":{"@context":"https:\/\/schema.org","@graph":[{"@type":"WebPage","@id":"https:\/\/montedoserrinho.com\/our-venue\/","url":"https:\/\/montedoserrinho.com\/our-venue\/","name":"A Quinta | Espa\u00e7o para Casamentos no Algarve - Monte do Serrinho","isPartOf":{"@id":"https:\/\/montedoserrinho.com\/#website"},"primaryImageOfPage":{"@id":"https:\/\/montedoserrinho.com\/our-venue\/#primaryimage"},"image":{"@id":"https:\/\/montedoserrinho.com\/our-venue\/#primaryimage"},"thumbnailUrl":"https:\/\/montedoserrinho.com\/wp-content\/uploads\/2026\/01\/Mask-group-2-1.png","datePublished":"2026-01-21T14:28:22+00:00","dateModified":"2026-02-27T10:53:35+00:00","description":"Descubra o Monte do Serrinho, uma quinta portuguesa situada no campo algarvio, em S\u00e3o Bartolomeu de Messines, ideal para casamentos memor\u00e1veis.","breadcrumb":{"@id":"https:\/\/montedoserrinho.com\/our-venue\/#breadcrumb"},"inLanguage":"pt-PT","potentialAction":[{"@type":"ReadAction","target":["https:\/\/montedoserrinho.com\/our-venue\/"]}]},{"@type":"ImageObject","inLanguage":"pt-PT","@id":"https:\/\/montedoserrinho.com\/our-venue\/#primaryimage","url":"https:\/\/montedoserrinho.com\/wp-content\/uploads\/2026\/01\/Mask-group-2-1.png","contentUrl":"https:\/\/montedoserrinho.com\/wp-content\/uploads\/2026\/01\/Mask-group-2-1.png"},{"@type":"BreadcrumbList","@id":"https:\/\/montedoserrinho.com\/our-venue\/#breadcrumb","itemListElement":[{"@type":"ListItem","position":1,"name":"Home","item":"https:\/\/montedoserrinho.com\/pt-pt\/"},{"@type":"ListItem","position":2,"name":"A Quinta | Espa\u00e7o para Casamentos no Algarve"}]},{"@type":"WebSite","@id":"https:\/\/montedoserrinho.com\/#website","url":"https:\/\/montedoserrinho.com\/","name":"Monte do Serrinho","description":"Country House","potentialAction":[{"@type":"SearchAction","target":{"@type":"EntryPoint","urlTemplate":"https:\/\/montedoserrinho.com\/?s={search_term_string}"},"query-input":{"@type":"PropertyValueSpecification","valueRequired":true,"valueName":"search_term_string"}}],"inLanguage":"pt-PT"}]}},"_links":{"self":[{"href":"https:\/\/montedoserrinho.com\/pt-pt\/wp-json\/wp\/v2\/pages\/2709","targetHints":{"allow":["GET"]}}],"collection":[{"href":"https:\/\/montedoserrinho.com\/pt-pt\/wp-json\/wp\/v2\/pages"}],"about":[{"href":"https:\/\/montedoserrinho.com\/pt-pt\/wp-json\/wp\/v2\/types\/page"}],"author":[{"embeddable":true,"href":"https:\/\/montedoserrinho.com\/pt-pt\/wp-json\/wp\/v2\/users\/1"}],"replies":[{"embeddable":true,"href":"https:\/\/montedoserrinho.com\/pt-pt\/wp-json\/wp\/v2\/comments?post=2709"}],"version-history":[{"count":17,"href":"https:\/\/montedoserrinho.com\/pt-pt\/wp-json\/wp\/v2\/pages\/2709\/revisions"}],"predecessor-version":[{"id":2840,"href":"https:\/\/montedoserrinho.com\/pt-pt\/wp-json\/wp\/v2\/pages\/2709\/revisions\/2840"}],"wp:attachment":[{"href":"https:\/\/montedoserrinho.com\/pt-pt\/wp-json\/wp\/v2\/media?parent=2709"}],"curies":[{"name":"wp","href":"https:\/\/api.w.org\/{rel}","templated":true}]}}